{"id":17826,"date":"2020-03-27T10:18:20","date_gmt":"2020-03-27T10:18:20","guid":{"rendered":"https:\/\/www.mfwa.org\/?post_type=country-highlights&#038;p=17826"},"modified":"2020-03-27T10:18:20","modified_gmt":"2020-03-27T10:18:20","slug":"la-police-fait-une-descente-sur-une-conference-de-presse-arretent-des-militants-de-la-societe-civile","status":"publish","type":"country-highlights","link":"https:\/\/demo.mfwa.org\/fr\/country-highlights\/la-police-fait-une-descente-sur-une-conference-de-presse-arretent-des-militants-de-la-societe-civile\/","title":{"rendered":"La Police Fait une Descente sur une Conf\u00e9rence de presse, Arr\u00eatent des Militants de la Soci\u00e9t\u00e9 Civile"},"content":{"rendered":"<p style=\"text-align: justify;\">La Fondation des m\u00e9dias pour l\u2019Afrique de l\u2019Ouest (MFWA) condamne la r\u00e9pression de la libert\u00e9 de r\u00e9union que les forces de s\u00e9curit\u00e9 guin\u00e9ennes continuent d\u2019exercer contre les militants et opposants du pr\u00e9sident Alpha Conde.<\/p>\n<p style=\"text-align: justify;\">Lors du dernier incident, survenu le 25 mars 2020, les forces de l\u2019ordre ont interrompu une conf\u00e9rence de presse du Front National pour la d\u00e9fense de la constitution (FNDC) et arr\u00eat\u00e9 huit membres de la coalition regroupant des organisations de la soci\u00e9t\u00e9 civile et des partis politiques qui dirige une campagne nationale contre la tentative du pr\u00e9sident Cond\u00e9 de briguer un troisi\u00e8me mandat.<\/p>\n<p style=\"text-align: justify;\">Les personnes arr\u00eat\u00e9es sont actuellement d\u00e9tenues \u00e0 la Division du soutien op\u00e9rationnel de la police \u00e0 Kaloum, Conakry.<\/p>\n<p style=\"text-align: justify;\">Selon un communiqu\u00e9 publi\u00e9 par le FNDC, ils ont remarqu\u00e9 lors de la conf\u00e9rence de presse q\u2019une agente des services des renseignements se faisant passer pour une journaliste, s\u2019est introduite dans la cour, apres quoi un huissier a \u00e9t\u00e9 diligent\u00e9 sur les lieux pour faire un constat.<\/p>\n<p style=\"text-align: justify;\">Le raid semblait donc faire partie d&#8217;un plan con\u00e7u par la suret\u00e9 nationale pour sauver leur agent au cas o\u00f9 son identit\u00e9 serait expos\u00e9e.<\/p>\n<p style=\"text-align: justify;\">La MFWA condamne fermement la perturbation de la conf\u00e9rence de presse et les arrestations qui ont suivi comme une violation flagrante du droit des victimes \u00e0 un rassemblement pacifique. L&#8217;infiltration des activit\u00e9s du FNDC est une m\u00e9thode d\u00e9su\u00e8te de violer le droit des citoyens \u00e0 la vie priv\u00e9e caract\u00e9ristique de l&#8217;\u00c9tat policier et indigne d\u2019un Etat d\u00e9mocratique.<\/p>\n<p style=\"text-align: justify;\">Nous exhortons donc le gouvernement guin\u00e9en \u00e0 lib\u00e9rer imm\u00e9diatement les membres du FNDC et \u00e0 prendre des mesures pour mettre fin aux violations en s\u00e9rie des droits \u00e0 la libert\u00e9 de r\u00e9union des opposants du r\u00e9gime.<\/p>\n<p style=\"text-align: justify;\">\n","protected":false},"featured_media":17815,"comment_status":"closed","ping_status":"closed","template":"","categories":[232],"country":[244],"class_list":["post-17826","country-highlights","type-country-highlights","status-publish","has-post-thumbnail","hentry","category-freedom-of-assembly-fr","country-guinee"],"_links":{"self":[{"href":"https:\/\/demo.mfwa.org\/fr\/wp-json\/wp\/v2\/country-highlights\/17826","targetHints":{"allow":["GET"]}}],"collection":[{"href":"https:\/\/demo.mfwa.org\/fr\/wp-json\/wp\/v2\/country-highlights"}],"about":[{"href":"https:\/\/demo.mfwa.org\/fr\/wp-json\/wp\/v2\/types\/country-highlights"}],"replies":[{"embeddable":true,"href":"https:\/\/demo.mfwa.org\/fr\/wp-json\/wp\/v2\/comments?post=17826"}],"wp:featuredmedia":[{"embeddable":true,"href":"https:\/\/demo.mfwa.org\/fr\/wp-json\/wp\/v2\/media\/17815"}],"wp:attachment":[{"href":"https:\/\/demo.mfwa.org\/fr\/wp-json\/wp\/v2\/media?parent=17826"}],"wp:term":[{"taxonomy":"category","embeddable":true,"href":"https:\/\/demo.mfwa.org\/fr\/wp-json\/wp\/v2\/categories?post=17826"},{"taxonomy":"country","embeddable":true,"href":"https:\/\/demo.mfwa.org\/fr\/wp-json\/wp\/v2\/country?post=17826"}],"curies":[{"name":"wp","href":"https:\/\/api.w.org\/{rel}","templated":true}]}}