{"id":27670,"date":"2023-02-15T18:09:15","date_gmt":"2023-02-15T18:09:15","guid":{"rendered":"https:\/\/www.mfwa.org\/?post_type=country-highlights&#038;p=27670"},"modified":"2023-02-15T18:11:40","modified_gmt":"2023-02-15T18:11:40","slug":"senegal-la-police-agresse-une-journaliste","status":"publish","type":"country-highlights","link":"https:\/\/demo.mfwa.org\/fr\/country-highlights\/senegal-la-police-agresse-une-journaliste\/","title":{"rendered":"S\u00e9n\u00e9gal : La police agresse une journaliste"},"content":{"rendered":"<p style=\"text-align: justify;\">La Fondation des M\u00e9dias pour l\u2019Afrique de l\u2019Ouest (MFWA) condamne fermement l\u2019agression de la journaliste Fatou Dione, cam\u00e9rawoman du m\u00e9dia en ligne <em>Buur News<\/em>, et appelle les autorit\u00e9s \u00e0 mener des enqu\u00eates aboutissant \u00e0 la sanction des auteurs de cet acte de barbarie.<\/p>\n<p style=\"text-align: justify;\">Fatou Diop a \u00e9t\u00e9 physiquement agress\u00e9e \u00e0 Dakar, la capitale du S\u00e9n\u00e9gal, par la police alors qu\u2019elle couvrait une manifestation du Collectif pour la lib\u00e9ration des prisonniers politiques (COLIDEP) qui s\u2019est tenue le 5 novembre 2022. Le collectif tenait une s\u00e9rie de manifestations pour la lib\u00e9ration des prisonniers politiques.<\/p>\n<p style=\"text-align: justify;\">Fatou Diop a \u00e9t\u00e9 amen\u00e9e aux urgences pour y recevoir des soins suite \u00e0 une perte de connaissance apr\u00e8s que des officiers de police l\u2019ont violemment pouss\u00e9e. Les forces de l\u2019ordre qui \u00e9taient d\u00e9j\u00e0 sur la place de l\u2019ind\u00e9pendance de Dakar sont devenus plus violant au moment de l\u2019arrestation des manifestants.<\/p>\n<p style=\"text-align: justify;\">Apr\u00e8s que son \u00e9tat de sant\u00e9 s\u2019est stabilis\u00e9, la journaliste a exprim\u00e9 son indignation dans une publication sur sa page Facebook.<\/p>\n<p style=\"text-align: justify;\">\u00ab\u00a0C\u2019est avec les larmes aux yeux que j\u2019\u00e9cris ces mots pour d\u00e9noncer avec la derni\u00e8re \u00e9nergie les agressions faites \u00e0 l\u2019encontre des journalistes. Aujourd\u2019hui nous assistons \u00e0 des bavures polici\u00e8res des arrestations de journalistes dans l\u2019exercice de leurs fonctions. Samedi 05 novembre j\u2019ai \u00e9t\u00e9 victime d\u2019agressions \u00e0 la place de l\u2019ind\u00e9pendance par les forces de l\u2019ordre. Cet acte ne restera pas impuni\u00a0\u00bb, a-t-elle <a href=\"https:\/\/www.facebook.com\/feeuz.dione\/posts\/pfbid029BWSoPN7sZtFwfdk1aZ6m2CpXSJayPtfkqLgJgFxdLNnGLdh7gFHmfr8oqycH376l\">publi\u00e9<\/a> le 7 novembre 2022.<\/p>\n<p style=\"text-align: justify;\">Bien que Fatou s\u2019en soit sortie avec une blessure \u00e0 la t\u00eate, elle ne se laisse pas d\u00e9courager pour autant.<\/p>\n<p style=\"text-align: justify;\">\u00ab\u00a0Je ne suis pas totalement remise de cet incident, ce qui affecte un peu mon travail. Mais ce sont les risques du m\u00e9tier. Cet incident ne peut pas m\u2019emp\u00eacher de faire mon travail\u00a0\u00bb, Fatou Dione a confi\u00e9 \u00e0 la MFWA.<\/p>\n<p style=\"text-align: justify;\">Plusieurs syndicats et organisations des m\u00e9dias ont condamn\u00e9 l\u2019acte \u00e9hont\u00e9. Dans une publication sur sa <a href=\"https:\/\/www.facebook.com\/synpics.senegal\/posts\/pfbid0Gy3JDUmt1JEv4QSMSxT3YCN7TY3Lqw11fSzCPAxHoCqaBwkJobD552ZXMPYerZEwl\">page Facebook<\/a>, le Syndicat des professionnels de l\u2019information de la communication du S\u00e9n\u00e9gal (SYNPICS) a condamn\u00e9 cette agression barbare commise par des policiers \u00ab\u00a0qui doivent \u00e0 tout prix faire le distingo entre les journalistes et les personnes qui viennent pour d\u2019autres motifs dans ce genre de manifestations\u00a0\u00bb.<\/p>\n<p style=\"text-align: justify;\">La MFWA est extr\u00eamement pr\u00e9occup\u00e9e par l\u2019\u00e9tat de la s\u00e9curit\u00e9 des journalistes au S\u00e9n\u00e9gal et exhorte aux responsables de la police d\u2019enqu\u00eater sur cet incident et de punir les officiers impliqu\u00e9s. Nous demandons \u00e9galement \u00e0 l\u2019administration de la police d\u2019adopter une politique de tol\u00e9rance z\u00e9ro pour les attaques de son personnel contre des journalistes qui ne font que leur travail.<\/p>\n<p style=\"text-align: justify;\">Nous souhaitons un prompt r\u00e9tablissement \u00e0 Fatou Dione de <em>Buur <\/em>News et appelons les journalistes \u00e0 continuer \u00e0 exercer leur m\u00e9tier dans le respect des r\u00e8gles d\u2019\u00e9thique et de d\u00e9ontologie.<\/p>\n","protected":false},"featured_media":27668,"comment_status":"closed","ping_status":"closed","template":"","categories":[311],"country":[251],"class_list":["post-27670","country-highlights","type-country-highlights","status-publish","has-post-thumbnail","hentry","category-securite-des-journalistes","country-senegal-fr"],"_links":{"self":[{"href":"https:\/\/demo.mfwa.org\/fr\/wp-json\/wp\/v2\/country-highlights\/27670","targetHints":{"allow":["GET"]}}],"collection":[{"href":"https:\/\/demo.mfwa.org\/fr\/wp-json\/wp\/v2\/country-highlights"}],"about":[{"href":"https:\/\/demo.mfwa.org\/fr\/wp-json\/wp\/v2\/types\/country-highlights"}],"replies":[{"embeddable":true,"href":"https:\/\/demo.mfwa.org\/fr\/wp-json\/wp\/v2\/comments?post=27670"}],"wp:featuredmedia":[{"embeddable":true,"href":"https:\/\/demo.mfwa.org\/fr\/wp-json\/wp\/v2\/media\/27668"}],"wp:attachment":[{"href":"https:\/\/demo.mfwa.org\/fr\/wp-json\/wp\/v2\/media?parent=27670"}],"wp:term":[{"taxonomy":"category","embeddable":true,"href":"https:\/\/demo.mfwa.org\/fr\/wp-json\/wp\/v2\/categories?post=27670"},{"taxonomy":"country","embeddable":true,"href":"https:\/\/demo.mfwa.org\/fr\/wp-json\/wp\/v2\/country?post=27670"}],"curies":[{"name":"wp","href":"https:\/\/api.w.org\/{rel}","templated":true}]}}