{"id":28998,"date":"2023-04-24T15:42:03","date_gmt":"2023-04-24T15:42:03","guid":{"rendered":"https:\/\/www.mfwa.org\/?post_type=country-highlights&#038;p=28998"},"modified":"2023-09-08T12:17:38","modified_gmt":"2023-09-08T12:17:38","slug":"la-mfwa-condamne-larrestation-dun-activiste-et-demande-le-retrait-de-laccusation-de-cyberharcelement","status":"publish","type":"country-highlights","link":"https:\/\/demo.mfwa.org\/fr\/country-highlights\/la-mfwa-condamne-larrestation-dun-activiste-et-demande-le-retrait-de-laccusation-de-cyberharcelement\/","title":{"rendered":"La MFWA condamne l\u2019arrestation d\u2019un activiste et demande le retrait de l\u2019accusation de cyberharc\u00e8lement"},"content":{"rendered":"<div>\n<p style=\"text-align: justify;\"><span lang=\"FR\">La Fondation des M\u00e9dias pour l\u2019Afrique de l\u2019Ouest (MFWA) condamne l\u2019arrestation de Nnamdi Chude, un influenceur des r\u00e9seaux sociaux, et demande que toutes les accusations de cyberharc\u00e8lement port\u00e9es contre lui soient imm\u00e9diatement abandonn\u00e9es.<\/span><\/p>\n<\/div>\n<div style=\"text-align: justify;\">\n<p><span lang=\"FR\">M. Chude, un activiste en premi\u00e8re ligne du Parti travailliste sur les r\u00e9seaux sociaux, a \u00e9t\u00e9 arr\u00eat\u00e9 le 19 avril 2023 et a pass\u00e9 la nuit en d\u00e9tention avant d\u2019\u00eatre lib\u00e9r\u00e9 sous caution le jour suivant. Un tribunal f\u00e9d\u00e9ral de grande instance \u00e0 Abuja l\u2019a lib\u00e9r\u00e9 sous caution pour un montant de 10 millions de nairas apr\u00e8s qu\u2019il ait plaid\u00e9 non coupable de l\u2019accusation.<\/span><\/p>\n<\/div>\n<div style=\"text-align: justify;\">\n<p><span lang=\"FR\">La police a fait compara\u00eetre Nnamdi devant la juge Gladys Olotu pour cyberharc\u00e8lement, en lien avec un message publi\u00e9 sur Twitter par l\u2019activiste \u00e0 propos du Dr Emeka Okafor, un homme d\u2019affaires respect\u00e9 de l\u2019\u00c9tat d\u2019Anambra. Le chef d\u2019accusation est marqu\u00e9 : FHC\/ABJ\/CR\/130\/2023, l\u2019inspecteur g\u00e9n\u00e9ral de la police \u00e9tait le plaignant et Nnamdi l\u2019accus\u00e9.<\/span><\/p>\n<\/div>\n<div style=\"text-align: justify;\">\n<p><span lang=\"FR\">La police a all\u00e9gu\u00e9 que le 13 mars, Nnamdi a sciemment et intentionnellement formul\u00e9 des all\u00e9gations fausses dans un tweet depuis son compte Twitter \u00ab\u00a0Chude\u00a0\u00bb: \u00ab\u00a0Que vous savez \u00eatre fausses dans le but de causer un ennui, un inconv\u00e9nient, un danger, une insulte, une blessure, une intimidation, une inimiti\u00e9, une haine, une mauvaise volont\u00e9 ou une anxi\u00e9t\u00e9 inutile \u00e0 la personne du Dr Emeka Offor et ainsi commettre un cyberharc\u00e8lement punissable en vertu de la section 24 (1) (b) de la loi sur la cybercriminalit\u00e9 de 2015\u00a0\u00bb.<\/span><\/p>\n<\/div>\n<div style=\"text-align: justify;\">\n<p><span lang=\"FR\">L\u2019arrestation de M. Chude le 19 avril est la deuxi\u00e8me en un mois pour la m\u00eame affaire. Le 18 mars 2023, la police l\u2019a arr\u00eat\u00e9 et d\u00e9tenu pendant deux semaines apr\u00e8s qu\u2019il ait affirm\u00e9 sur son compte Twitter qu\u2019un homme d\u2019affaires d\u2019Anambra, Chief Emeka Offor, avait \u00e9t\u00e9 engag\u00e9 par le \u00ab\u00a0pr\u00e9sident \u00e9lu\u00a0\u00bb du Nigeria, Bola Tinubu, pour convaincre Peter Obi d\u2019accepter le r\u00e9sultat de l\u2019\u00e9lection pr\u00e9sidentielle du 25 f\u00e9vrier.<\/span><\/p>\n<\/div>\n<div style=\"text-align: justify;\">\n<p><span lang=\"FR\">Le juge, qui a autoris\u00e9 Nnamdi \u00e0 payer une caution de 10 millions de nairas, a ordonn\u00e9 que la caution soit d\u00e9clar\u00e9e sous serment et a report\u00e9 l\u2019affaire au 17 mai pour le proc\u00e8s.<\/span><\/p>\n<\/div>\n<div style=\"text-align: justify;\">\n<p><span lang=\"FR\">Bien que la MFWA condamne la publication d\u2019all\u00e9gations vagues pouvant nuire \u00e0 la r\u00e9putation d\u2019individus et d\u2019institutions, elle r\u00e9prouve fermement le recours continu des autorit\u00e9s nig\u00e9rianes aux arrestations et aux poursuites p\u00e9nales pour des cas pr\u00e9sum\u00e9s de diffamation. La d\u00e9tention provisoire et les poursuites p\u00e9nales ont \u00e9t\u00e9 abolies dans presque toutes les juridictions d\u00e9mocratiques en faveur de recours civils. Par cons\u00e9quent, la MFWA demande instamment aux autorit\u00e9s nig\u00e9rianes d\u2019abandonner les charges retenues contre Nnamdi et de r\u00e9fl\u00e9chir \u00e0 la possibilit\u00e9 de modifier les lois sur la diffamation.<\/span><\/p>\n<\/div>\n<div>\n<p style=\"text-align: justify;\"><span lang=\"FR\">La MFWA r\u00e9it\u00e8re son inqui\u00e9tude quant \u00e0 l\u2019utilisation abusive de l\u2019article 24 de la loi nig\u00e9riane sur la cybercriminalit\u00e9 pour museler les publications critiques en ligne. Par cons\u00e9quent, elle appelle le gouvernement du Nigeria \u00e0 se conformer \u00e0 la d\u00e9cision du 25 mars 2022 de la Communaut\u00e9 \u00e9conomique des \u00c9tats de l\u2019Afrique de l\u2019Ouest (CEDEAO), dont le si\u00e8ge est ironiquement situ\u00e9 \u00e0 Abuja. Cette d\u00e9cision ordonne au Nigeria d\u2019abroger ou de modifier la disposition de la loi. La Cour de la CEDEAO a statu\u00e9, dans le cadre d\u2019un proc\u00e8s intent\u00e9 par le groupe de la soci\u00e9t\u00e9 civile SERAP, qu\u2019\u00ab il est contraire \u00e0 l\u2019\u00c9tat de droit que la police inculpe quiconque pour un suppos\u00e9 \u2018cyberharc\u00e8lement\u2019 \u00bb.<\/span><\/p>\n<\/div>\n","protected":false},"featured_media":28860,"comment_status":"closed","ping_status":"closed","template":"","categories":[254],"country":[250],"class_list":["post-28998","country-highlights","type-country-highlights","status-publish","has-post-thumbnail","hentry","category-free-expression-violations-fr","country-nigeria-fr"],"_links":{"self":[{"href":"https:\/\/demo.mfwa.org\/fr\/wp-json\/wp\/v2\/country-highlights\/28998","targetHints":{"allow":["GET"]}}],"collection":[{"href":"https:\/\/demo.mfwa.org\/fr\/wp-json\/wp\/v2\/country-highlights"}],"about":[{"href":"https:\/\/demo.mfwa.org\/fr\/wp-json\/wp\/v2\/types\/country-highlights"}],"replies":[{"embeddable":true,"href":"https:\/\/demo.mfwa.org\/fr\/wp-json\/wp\/v2\/comments?post=28998"}],"wp:featuredmedia":[{"embeddable":true,"href":"https:\/\/demo.mfwa.org\/fr\/wp-json\/wp\/v2\/media\/28860"}],"wp:attachment":[{"href":"https:\/\/demo.mfwa.org\/fr\/wp-json\/wp\/v2\/media?parent=28998"}],"wp:term":[{"taxonomy":"category","embeddable":true,"href":"https:\/\/demo.mfwa.org\/fr\/wp-json\/wp\/v2\/categories?post=28998"},{"taxonomy":"country","embeddable":true,"href":"https:\/\/demo.mfwa.org\/fr\/wp-json\/wp\/v2\/country?post=28998"}],"curies":[{"name":"wp","href":"https:\/\/api.w.org\/{rel}","templated":true}]}}