{"id":48782,"date":"2025-06-09T09:59:35","date_gmt":"2025-06-09T09:59:35","guid":{"rendered":"https:\/\/mfwa.org\/?post_type=country-highlights&#038;p=48782"},"modified":"2025-09-19T16:28:44","modified_gmt":"2025-09-19T16:28:44","slug":"ghana-la-police-arrete-un-suspect-implique-dans-une-agression-contre-un-journaliste","status":"publish","type":"country-highlights","link":"https:\/\/demo.mfwa.org\/fr\/country-highlights\/ghana-la-police-arrete-un-suspect-implique-dans-une-agression-contre-un-journaliste\/","title":{"rendered":"Ghana\u00a0: La police arr\u00eate un suspect impliqu\u00e9 dans une agression contre un journaliste"},"content":{"rendered":"<p style=\"text-align: justify;\"><span style=\"font-weight: 400;\">La Fondation des m\u00e9dias pour l&#8217;Afrique de l&#8217;Ouest (MFWA) salue l&#8217;arrestation d&#8217;un suspect dans le cadre de l&#8217;\u00a0<\/span><a href=\"https:\/\/mfwa.org\/country-highlights\/ghana-joynews-journalist-assaulted\/\"><span style=\"font-weight: 400;\">agression r\u00e9cente contre le journaliste de JoyNews, Latif Iddrisu<\/span><\/a><span style=\"font-weight: 400;\">. L&#8217;arrestation a \u00e9t\u00e9 effectu\u00e9e par le commandement de la police r\u00e9gionale du Grand Accra le 7 juin 2025. L\u2019arrestation fait suite \u00e0 l\u2019agression du journaliste alors qu\u2019il couvrait les d\u00e9veloppements au Bureau du crime \u00e9conomique et organis\u00e9 (EOCO) le 27 mai 2025 \u00e0 Accra.<\/span><\/p>\n<p style=\"text-align: justify;\"><a href=\"https:\/\/demo.mfwa.org\/wp-content\/uploads\/2025\/06\/WhatsApp-Image-2025-06-10-at-10.21.27-1.jpeg\"><span style=\"font-weight: 400;\">Selon la police<\/span><\/a><span style=\"font-weight: 400;\">, le suspect, identifi\u00e9 comme Theophilus Thompson, a \u00e9t\u00e9 arr\u00eat\u00e9 \u00e0 James Town, une banlieue d&#8217;Accra, et participe actuellement aux enqu\u00eates en cours. Des efforts sont \u00e9galement en cours pour identifier et appr\u00e9hender d&#8217;autres individus impliqu\u00e9s dans l&#8217;attaque.<\/span><\/p>\n<p style=\"text-align: justify;\"><span style=\"font-weight: 400;\">Latif Iddrisu\u00a0<\/span><a href=\"https:\/\/mfwa.org\/country-highlights\/ghana-joynews-journalist-assaulted\/\"><span style=\"font-weight: 400;\">a \u00e9t\u00e9 agress\u00e9 par des partisans<\/span><\/a><span style=\"font-weight: 400;\">\u00a0 du New Patriotic Party (NPP) de l\u2019opposition alors qu\u2019il couvrait les \u00e9v\u00e9nements qui se d\u00e9roulaient dans les bureaux de l\u2019EOCO apr\u00e8s l\u2019arrestation du Pr\u00e9sident r\u00e9gional Ashanti, Bernard Antwi Boasiako (\u00e9galement connu sous le nom de Pr\u00e9sident Wontumi). Au cours de la couverture, Iddrisu a d&#8217;abord \u00e9t\u00e9 confront\u00e9 \u00e0 des agents de s\u00e9curit\u00e9 qui ont saisi son t\u00e9l\u00e9phone et supprim\u00e9 des images d\u00e9j\u00e0 prises. Plus tard, il a \u00e9t\u00e9 agress\u00e9 physiquement par les partisans du NPP lors d&#8217;une \u00e9mission en direct.<\/span><\/p>\n<p style=\"text-align: justify;\"><span style=\"font-weight: 400;\">L\u2019action rapide de la police pour appr\u00e9hender le suspect est louable et une avanc\u00e9e positive vers la fin de l\u2019impunit\u00e9 pour les crimes contre les journalistes. Tout en f\u00e9licitant la police, la MFWA les exhorte \u00e9galement \u00e0 veiller \u00e0 ce que les autres individus impliqu\u00e9s dans l\u2019attaque soient traduits en justice.<\/span><\/p>\n<p style=\"text-align: justify;\"><span style=\"font-weight: 400;\">La MFWA\u00a0<\/span><a href=\"https:\/\/mfwa.org\/country-highlights\/ghana-police-investigation-assault-joynews-journalist\/\"><span style=\"font-weight: 400;\">encourage le Service de police du Ghana<\/span><\/a><span style=\"font-weight: 400;\">\u00a0 \u00e0 poursuivre sur cette lanc\u00e9e en r\u00e9pondant rapidement aux attaques contre les journalistes et les travailleurs des m\u00e9dias \u00e0 travers le pays pour am\u00e9liorer leur protection et leur s\u00e9curit\u00e9 globale tout en dissuadant les auteurs de telles actions.<\/span><\/p>\n<p style=\"text-align: justify;\"><span style=\"font-weight: 400;\">La MFWA appelle en outre les acteurs politiques, le personnel de s\u00e9curit\u00e9 et le grand public \u00e0 respecter les droits \u00e0 l\u2019expression et \u00e0 la libert\u00e9 des m\u00e9dias garantis par la Constitution ghan\u00e9enne de 1992.<\/span><\/p>\n","protected":false},"author":35394,"featured_media":48784,"comment_status":"closed","ping_status":"closed","template":"","categories":[254,311],"country":[243],"class_list":["post-48782","country-highlights","type-country-highlights","status-publish","has-post-thumbnail","hentry","category-free-expression-violations-fr","category-securite-des-journalistes","country-ghana-fr"],"_links":{"self":[{"href":"https:\/\/demo.mfwa.org\/fr\/wp-json\/wp\/v2\/country-highlights\/48782","targetHints":{"allow":["GET"]}}],"collection":[{"href":"https:\/\/demo.mfwa.org\/fr\/wp-json\/wp\/v2\/country-highlights"}],"about":[{"href":"https:\/\/demo.mfwa.org\/fr\/wp-json\/wp\/v2\/types\/country-highlights"}],"author":[{"embeddable":true,"href":"https:\/\/demo.mfwa.org\/fr\/wp-json\/wp\/v2\/users\/35394"}],"replies":[{"embeddable":true,"href":"https:\/\/demo.mfwa.org\/fr\/wp-json\/wp\/v2\/comments?post=48782"}],"wp:featuredmedia":[{"embeddable":true,"href":"https:\/\/demo.mfwa.org\/fr\/wp-json\/wp\/v2\/media\/48784"}],"wp:attachment":[{"href":"https:\/\/demo.mfwa.org\/fr\/wp-json\/wp\/v2\/media?parent=48782"}],"wp:term":[{"taxonomy":"category","embeddable":true,"href":"https:\/\/demo.mfwa.org\/fr\/wp-json\/wp\/v2\/categories?post=48782"},{"taxonomy":"country","embeddable":true,"href":"https:\/\/demo.mfwa.org\/fr\/wp-json\/wp\/v2\/country?post=48782"}],"curies":[{"name":"wp","href":"https:\/\/api.w.org\/{rel}","templated":true}]}}