{"id":8103,"date":"2016-09-11T08:11:24","date_gmt":"2016-09-11T08:11:24","guid":{"rendered":"http:\/\/www.mfwa.org\/?post_type=country-highlights&#038;p=8103"},"modified":"2016-09-22T09:30:18","modified_gmt":"2016-09-22T09:30:18","slug":"interdiction-de-4-ans-levee-sur-le-journal-la-nouvelle","status":"publish","type":"country-highlights","link":"https:\/\/demo.mfwa.org\/fr\/country-highlights\/interdiction-de-4-ans-levee-sur-le-journal-la-nouvelle\/","title":{"rendered":"Togo: Interdiction de 4 ans lev\u00e9e sur le journal la Nouvelle"},"content":{"rendered":"<p style=\"text-align: justify;\">Le journal <em>La Nouvelle<\/em>, tr\u00e8s critique envers le pouvoir en place, a \u00e9t\u00e9 autoris\u00e9 \u00e0 paraitre de nouveau par l\u2019instance r\u00e9gulatrice, la Haute autorit\u00e9 de l\u2019audiovisuel et de la communication (HAAC).<\/p>\n<p style=\"text-align: justify;\">Le journal a \u00e9t\u00e9 interdit de paraitre en 2012 alors que son directeur de publication Mr Bon\u00e9ro Lawson-Betum s\u2019est vu retir\u00e9 le r\u00e9c\u00e9piss\u00e9 pour dossier incomplet. Cependant, on croit g\u00e9n\u00e9ralement que la sanction serait li\u00e9e \u00e0 une s\u00e9rie de publications listant les intimes du Chef de \u2018Etat.<\/p>\n<p style=\"text-align: justify;\">La HAAC a pr\u00e9cis\u00e9 avoir pris la d\u00e9cision de juillet 2016 parce que \u201cBon\u00e9ro Lawson-Betum, Directeur de publication de <em>La Nouvelle,<\/em>\u00a0a pris l\u2019engagement de respecter scrupuleusement la d\u00e9ontologie et l\u2019\u00e9thique qui r\u00e9gissent le m\u00e9tier de journaliste.\u00a0\u00bb<\/p>\n<p style=\"text-align: justify;\">Le directeur de publication avait adress\u00e9 \u00e0 la HAAC une lettre demandant la lev\u00e9e de l\u2019interdiction de quatre ans. Selon l\u2019instance r\u00e9gulatrice, la demande a \u00e9t\u00e9 accord\u00e9e en raison de l\u2019engagement du journal, et apr\u00e8s examen des \u00ab\u00a0dispositions l\u00e9gales et r\u00e9glementaires en vigueur\u00a0\u00bb, notamment l\u2019article 58 de la loi organique r\u00e9gissant l\u2019institution.<\/p>\n<p style=\"text-align: justify;\">Consid\u00e9r\u00e9 proche de l\u2019opposition, Bon\u00e9ro Lawson-Betum, \u00e9tait arr\u00eat\u00e9 le 19 mai dernier pour \u00ab\u00a0\u00e9crits attentatoires\u00a0\u00bb \u00e0 l\u2019endroit du ministre de la S\u00e9curit\u00e9 et de la Protection civile, le Colonel Damahane Yark, \u00e0 sa fille et \u00e0 sa famille. Il a pass\u00e9 4 mois \u00e0 la prison civile de Lom\u00e9 sans proc\u00e8s, apr\u00e8s quelques jours de garde \u00e0 vue dans les locaux de la Direction centrale de la police judiciaire \u00e0 Lom\u00e9. Il a \u00e9t\u00e9 lib\u00e9r\u00e9 en septembre 2015.<\/p>\n<p style=\"text-align: justify;\">Cependant, cette action salutaire de la HAAC n\u2019a pas encore concern\u00e9 la fermeture des radios X-Solaire en 2010 et L\u00e9gende FM en 2013, et cela, malgr\u00e9 les efforts de leurs avocats avec l\u2019appui de certains organisations des m\u00e9dias au Togo, et celui la soci\u00e9t\u00e9 civile pour la r\u00e9ouverture de ces radios, tr\u00e8s \u00e9cout\u00e9es par les populations.<\/p>\n<p>&nbsp;<\/p>\n","protected":false},"featured_media":0,"comment_status":"closed","ping_status":"closed","template":"","categories":[256],"country":[253],"class_list":["post-8103","country-highlights","type-country-highlights","status-publish","hentry","category-media-development-fr","country-togo-fr"],"_links":{"self":[{"href":"https:\/\/demo.mfwa.org\/fr\/wp-json\/wp\/v2\/country-highlights\/8103","targetHints":{"allow":["GET"]}}],"collection":[{"href":"https:\/\/demo.mfwa.org\/fr\/wp-json\/wp\/v2\/country-highlights"}],"about":[{"href":"https:\/\/demo.mfwa.org\/fr\/wp-json\/wp\/v2\/types\/country-highlights"}],"replies":[{"embeddable":true,"href":"https:\/\/demo.mfwa.org\/fr\/wp-json\/wp\/v2\/comments?post=8103"}],"wp:attachment":[{"href":"https:\/\/demo.mfwa.org\/fr\/wp-json\/wp\/v2\/media?parent=8103"}],"wp:term":[{"taxonomy":"category","embeddable":true,"href":"https:\/\/demo.mfwa.org\/fr\/wp-json\/wp\/v2\/categories?post=8103"},{"taxonomy":"country","embeddable":true,"href":"https:\/\/demo.mfwa.org\/fr\/wp-json\/wp\/v2\/country?post=8103"}],"curies":[{"name":"wp","href":"https:\/\/api.w.org\/{rel}","templated":true}]}}