{"id":13243,"date":"2018-07-15T18:20:15","date_gmt":"2018-07-15T18:20:15","guid":{"rendered":"http:\/\/www.mfwa.org\/?post_type=issues-in-focus&#038;p=13243"},"modified":"2018-07-15T18:20:15","modified_gmt":"2018-07-15T18:20:15","slug":"mfwa-en-renforcement-des-capacites-des-stations-de-radios-locales-dans-4-districts","status":"publish","type":"issues-in-focus","link":"https:\/\/demo.mfwa.org\/fr\/issues-in-focus\/mfwa-en-renforcement-des-capacites-des-stations-de-radios-locales-dans-4-districts\/","title":{"rendered":"MFWA en Renforcement des Capacit\u00e9s des Stations de Radios Locales dans 4 Districts"},"content":{"rendered":"<p style=\"text-align: justify;\">La Fondation des M\u00e9dias d\u2019Afrique de l\u2019Ouest (MFWA) d\u00e9butera un projet de renforcement institutionnel pour quelques sept stations de radio dans quatre districts cibles \u00e0 travers le Ghana \u00e0 partir du 23 Juillet 2018.<\/p>\n<p style=\"text-align: justify;\">Le projet fait suite \u00e0 l\u2019identification d\u2019un besoin d\u2019appui institutionnel pour ces stations de radios locales par la MFWA au cours de la mise en \u0153uvre d\u2019un projet en 2017.<\/p>\n<p style=\"text-align: justify;\">Dans le cadre du projet de 2017, la MFWA avait organis\u00e9 des formations de renforcement de capacit\u00e9 pour les journalistes, les \u00e9lus locaux des assembl\u00e9es de districts aussi bien que pour les journalistes citoyens pour promouvoir la demande de l\u2019information et sa divulgation. Le projet avait mis en place des plateformes pour soutenir les \u00e9changes entre les citoyens et les autorit\u00e9s.<\/p>\n<p style=\"text-align: justify;\">Dans le sens de la continuit\u00e9 du projet de 2017, la MFWA est en train d\u2019apporter son appui institutionnel \u00e0 sept stations de radio en vue de leur permettre d\u2019am\u00e9liorer le reportage sur les probl\u00e8mes de d\u00e9veloppement dans leurs districts.<\/p>\n<p style=\"text-align: justify;\">Par cons\u00e9quent, dans quelques semaines, la MFWA assignera des consultants aux stations de radios cibles pour des formations \u00e0 la carte qui se focalise sur la structuration d\u2019une bonne programmation radio, des programmes innovatrices de d\u00e9bats et des standards et politiques \u00e9ditoriales. La Fondation appuiera aussi ces radios \u00e0 d\u00e9velopper un guide d\u2019entretien avec l\u2019audience publique pour leur permettre de soutenir la communication avec cette derni\u00e8re.<\/p>\n<p style=\"text-align: justify;\">\u2033Nous avons constat\u00e9 que ce n\u2019\u00e9tait pas assez de renforcer les capacit\u00e9s des journalistes et d\u2019offrir des plateformes pour des discussions entre les citoyens et les autorit\u00e9s si nous nous voulons promouvoir la participation et la gouvernance responsable. Il faut une approche inclusive\u00a0 qui porte sur la population et la structure institutionnelle en terme de production de contenu, de comment faire des reportages, des \u00e9ditoriaux, des documentaires et formuler les politiques organisationnelles et comment les communiquer\u2033 a expliqu\u00e9\u00a0 Adizatu Moro Maiga, Charg\u00e9e de Programme \u00e0 MFWA.<\/p>\n<blockquote>\n<p style=\"text-align: justify;\"><em>\u2033<\/em><em>Nous avons pris en compte tout le syst\u00e8me. Autrement, nous serions en train de faire une intervention biais\u00e9e qui ne va donner aucun r\u00e9sultat. Nous esp\u00e9rons que d\u2019ici la fin du projet les stations de radio auront les ressources ad\u00e9quates pour remplir leurs missions de mani\u00e8res professionnelles et \u00e0 la hauteur des atteintes, a-t-elle ajout\u00e9.<\/em><\/p>\n<\/blockquote>\n<p style=\"text-align: justify;\">Les stations de radio b\u00e9n\u00e9ficiaires de l\u2019initiative sont Radio Progress et W93.5FM dans le district de Wa, Arise FM \u00e0 Twifo Ati-Morkwa et Obonu FM \u00e0 Tema. Les autres stations de radios sont New Day FM, Westend Radio et Radio Ankobra toutes bas\u00e9es dans le district d\u2019Ellembele.<\/p>\n<p style=\"text-align: justify;\">Toujours dans le cadre de ce projet, la MFWA appuiera toutes les assembl\u00e9es des districts cibles dans l\u2019\u00e9laboration d\u2019un plan de strat\u00e9gies de communication pour faciliter les \u00e9changes entre les autorit\u00e9s et la population.<\/p>\n<p style=\"text-align: justify;\">L\u2019initiative s\u2019inscrit dans le cadre du projet de gouvernance locale de la MFWA pour la promotion de la gouvernance participative et la reddition de compte dans la gouvernance locale dans les districts du Ghana. Ce projet de renforcement de capacit\u00e9\u00a0 est mis en \u0153uvre avec l\u2019appui financier du bureau de DW Akademie bas\u00e9 en Allemagne.<\/p>\n","protected":false},"author":2,"featured_media":13176,"comment_status":"closed","ping_status":"closed","template":"","categories":[256],"tags":[],"country":[243],"class_list":["post-13243","issues-in-focus","type-issues-in-focus","status-publish","has-post-thumbnail","hentry","category-media-development-fr","country-ghana-fr"],"_links":{"self":[{"href":"https:\/\/demo.mfwa.org\/fr\/wp-json\/wp\/v2\/issues-in-focus\/13243","targetHints":{"allow":["GET"]}}],"collection":[{"href":"https:\/\/demo.mfwa.org\/fr\/wp-json\/wp\/v2\/issues-in-focus"}],"about":[{"href":"https:\/\/demo.mfwa.org\/fr\/wp-json\/wp\/v2\/types\/issues-in-focus"}],"author":[{"embeddable":true,"href":"https:\/\/demo.mfwa.org\/fr\/wp-json\/wp\/v2\/users\/2"}],"replies":[{"embeddable":true,"href":"https:\/\/demo.mfwa.org\/fr\/wp-json\/wp\/v2\/comments?post=13243"}],"wp:featuredmedia":[{"embeddable":true,"href":"https:\/\/demo.mfwa.org\/fr\/wp-json\/wp\/v2\/media\/13176"}],"wp:attachment":[{"href":"https:\/\/demo.mfwa.org\/fr\/wp-json\/wp\/v2\/media?parent=13243"}],"wp:term":[{"taxonomy":"category","embeddable":true,"href":"https:\/\/demo.mfwa.org\/fr\/wp-json\/wp\/v2\/categories?post=13243"},{"taxonomy":"post_tag","embeddable":true,"href":"https:\/\/demo.mfwa.org\/fr\/wp-json\/wp\/v2\/tags?post=13243"},{"taxonomy":"country","embeddable":true,"href":"https:\/\/demo.mfwa.org\/fr\/wp-json\/wp\/v2\/country?post=13243"}],"curies":[{"name":"wp","href":"https:\/\/api.w.org\/{rel}","templated":true}]}}