{"id":20156,"date":"2020-10-23T15:56:01","date_gmt":"2020-10-23T15:56:01","guid":{"rendered":"https:\/\/www.mfwa.org\/?post_type=issues-in-focus&#038;p=20156"},"modified":"2020-10-23T15:56:01","modified_gmt":"2020-10-23T15:56:01","slug":"prix-dexcellence-des-medias-dafrique-de-louest-de-2020-profil-des-membres-du-jury","status":"publish","type":"issues-in-focus","link":"https:\/\/demo.mfwa.org\/fr\/issues-in-focus\/prix-dexcellence-des-medias-dafrique-de-louest-de-2020-profil-des-membres-du-jury\/","title":{"rendered":"Prix d\u2019Excellence des M\u00e9dias d\u2019Afrique de l\u2019Ouest de 2020 : Profil des Membres du Jury"},"content":{"rendered":"<p>La Fondation des M\u00e9dias pour l\u2019Afrique de l\u2019Ouest (MFWA) a constitu\u00e9 un jury\u00a0compos\u00e9 de journalistes distingu\u00e9s, exp\u00e9riment\u00e9s et d\u2019experts m\u00e9dia dans le cadre de l\u2019\u00e9dition 2020 du Prix d\u2019Excellence des M\u00e9dias d\u2019Afrique de l\u2019Ouest.<\/p>\n<p>Les membres du jury auront pour t\u00e2che d\u2019\u00e9valuer et de pr\u00e9s\u00e9lectionner les articles journalistiques qui m\u00e9ritent d\u2019\u00eatre r\u00e9compens\u00e9s dans les diff\u00e9rentes cat\u00e9gories du Prix d\u2019Excellence des M\u00e9dias d\u2019Afrique de l\u2019Ouest. Le travail du jury consistera aussi \u00e0 choisir au finale le journaliste a qui reviendra le prix du Meilleur Journaliste de l\u2019Afrique de l\u2019Ouest 2020.<\/p>\n<p>La c\u00e9r\u00e9monie aura lieu le 14 Novembre 2020 \u00e0 Swiss Spirit Alisa Hotel \u00e0 Accra au Ghana.<\/p>\n<p>Les Prix d\u2019Excellence des M\u00e9dias d\u2019Afrique de l\u2019Ouest visent \u00e0 inspirer le journalisme de haut standing et de qualit\u00e9 qui porte un impact sur la soci\u00e9t\u00e9.<\/p>\n<p>Ci-dessous les profiles des membres du Jury.<\/p>\n<p><strong>Joseph Warungu<em>\u2014<\/em>Kenya<\/strong><\/p>\n<p><img fetchpriority=\"high\" decoding=\"async\" class=\"wp-image-2476 alignleft\" src=\"https:\/\/www.mfwa.org\/wameca\/wp-content\/uploads\/2020\/10\/WARUNGU.jpg\" alt=\"\" width=\"282\" height=\"282\" \/><\/p>\n<p><strong>Joseph Warungu<\/strong> est un consultant et formateur en m\u00e9dias et communication avec 30 ans d&#8217;exp\u00e9rience dans le journalisme international. Il a \u00e9t\u00e9 chef de desk des informations Africaines et de l\u2019Actualit\u00e9 \u00e0 la BBC et est un ancien b\u00e9n\u00e9ficiaire de la bourse International de Journalisme Knight (Knight International Journalism Fellow). M. Warungu dans le cadre de son travail a extensivement parcouru le continent Africain et a exerc\u00e9 en tant que journaliste, formateur et mod\u00e9rateur de d\u00e9bats publics sur des stations radio et de t\u00e9l\u00e9vision. Il est sp\u00e9cialis\u00e9 dans les formations portant sur la gestion des et le renforcement des capacit\u00e9s r\u00e9dactionnelles des m\u00e9dias afin que les productions journalistiques soient approfondies et convaincantes sur des questions de d\u00e9veloppement telles que la sant\u00e9, l&#8217;\u00e9ducation, les affaires, et la technologie. Il a dirig\u00e9 l&#8217;African Story Challenge, un concours Continental pour inspirer et aider les m\u00e9dias africains \u00e0 faire de meilleures productions journalistiques sur les questions de d\u00e9veloppement. Warungu dirige \u00e9galement Top Story &#8211; un programme national qui porte sur le mentorat des jeunes journalistes au Kenya, et qui s\u2019organise sous la forme d&#8217;une \u00e9mission de t\u00e9l\u00e9-r\u00e9alit\u00e9.<\/p>\n<p>&nbsp;<\/p>\n<p><strong>Reyhana MasterSmith<em>\u2014<\/em>Zimbabwe<\/strong><\/p>\n<p style=\"text-align: justify;\"><img decoding=\"async\" class=\"wp-image-16137 alignleft\" src=\"https:\/\/www.mfwa.org\/wp-content\/uploads\/2019\/09\/rihanna.jpg\" alt=\"\" width=\"270\" height=\"271\" srcset=\"https:\/\/demo.mfwa.org\/wp-content\/uploads\/2019\/09\/rihanna.jpg 463w, https:\/\/demo.mfwa.org\/wp-content\/uploads\/2019\/09\/rihanna-150x150.jpg 150w, https:\/\/demo.mfwa.org\/wp-content\/uploads\/2019\/09\/rihanna-90x90.jpg 90w, https:\/\/demo.mfwa.org\/wp-content\/uploads\/2019\/09\/rihanna-370x371.jpg 370w, https:\/\/demo.mfwa.org\/wp-content\/uploads\/2019\/09\/rihanna-120x120.jpg 120w, https:\/\/demo.mfwa.org\/wp-content\/uploads\/2019\/09\/rihanna-249x250.jpg 249w\" sizes=\"(max-width: 270px) 100vw, 270px\" \/><\/p>\n<p><strong>Reyhana Masters-Smith<\/strong> est une consultante exp\u00e9riment\u00e9e et distingu\u00e9e en Communications et Media au Zimbabwe. Elle est journaliste, r\u00e9dactrice en chef, formatrice en m\u00e9dia et chercheuse pour de nombreuses organisations nationales et internationales.<\/p>\n<p>Reyhana a servi comme R\u00e9dactrice de\u00a0<em>So This Is Democracy<\/em>, une publication de la Media Institute of Southern Africa (MISA) qui analyse le paysage politique et \u00e9conomique et les cadres politiques des m\u00e9dias en Afrique australe. Elle a aussi travaill\u00e9 comme r\u00e9dactrice en chef et Productrice de Contenu pour les plateformes en ligne et le site internet de MISA.<\/p>\n<p>Pendant plusieurs ann\u00e9es, elle a travaill\u00e9 comme r\u00e9dactrice adjointe au m\u00e9dia The Daily News \u2013 le premier quotidien priv\u00e9e au Zimbabwe cr\u00e9\u00e9e en 1999. Elle a aussi travaill\u00e9 comme mod\u00e9ratrice a Africa Media Barometer, un outil d\u2019analyse qui \u00e9value l\u2019environnement des m\u00e9dias sur le plan nationale et continentale.<\/p>\n<p>Pr\u00e9sentement, Reyhana Masters est la r\u00e9dactrice en chef du R\u00e9seau International de la Libert\u00e9 d\u2019Expression (IFEX) et est aussi pr\u00e9sidente d\u2019un hub d\u2019organe de\u00a0presse de journalisme d\u2019investigation dont elle est co-fondatrice. Le hub est connu en Anglais comme Information for Development Trust.<\/p>\n<p><strong>Hamadou Tidiane Sy<em>\u2014<\/em>Senegal<\/strong><\/p>\n<p style=\"text-align: justify;\"><img decoding=\"async\" class=\"size-full wp-image-2503 alignleft\" src=\"https:\/\/www.mfwa.org\/wameca\/wp-content\/uploads\/2020\/10\/SY.jpg\" alt=\"\" width=\"269\" height=\"300\" \/><\/p>\n<p><strong>Hamadou Tidiane Sy<\/strong> est le fondateur et directeur d&#8217;E-jicom, une \u00e9cole de journalisme, de communication et de m\u00e9dias num\u00e9riques bas\u00e9e \u00e0 Dakar (ejicom.com). Il est \u00e9galement le fondateur du site d\u2019information en ligne Ouestaf News (ouestaf.com). Tidiane Sy est un journaliste s\u00e9n\u00e9galais disposant d\u2019une vaste exp\u00e9rience dans le domaine des m\u00e9dias. Actuellement, il exerce principalement en tant que formateur et consultant en journalisme \u00e0 travers l&#8217;Afrique. Il a travaill\u00e9 pour de grands m\u00e9dias, dont la BBC, l&#8217;AFP (Agence France Presse), le Global Radio News, le Channel Africa, etc. Tidiane est aussi membre du conseil d\u2019administration du R\u00e9seaux Ouest Africain de Journalisme d\u2019Investigation \u00ab CENOZO \u00bb et du site de v\u00e9rification d\u2019information en ligne Africa Check.<\/p>\n<p>En tant que journaliste, Tidiane a travaill\u00e9 sur des projets journalistiques \u00e0 travers l&#8217;Afrique, et plus particuli\u00e8rement dans la r\u00e9gion de l&#8217;Afrique de l&#8217;Ouest. Tidiane a aussi particip\u00e9 \u00e0 des projets d\u2019enqu\u00eates majeures tel que \u00ab Panama Papers \u00bb, \u00ab Swissleaks \u00bb et \u00abFatal Extractions\u00bb. Il est reconnu comme un innovateur social dans le domaine des \u00ab Information et de la Connaissances \u00bb par les fondations Ashoka et Knight.<\/p>\n<p>&nbsp;<\/p>\n<p><strong>Rodney Sieh<em>\u2014<\/em>Liberia\u00a0<\/strong><\/p>\n<p style=\"text-align: justify;\"><img loading=\"lazy\" decoding=\"async\" class=\"wp-image-2505 alignleft\" src=\"https:\/\/www.mfwa.org\/wameca\/wp-content\/uploads\/2020\/10\/rodney.jpg\" alt=\"\" width=\"264\" height=\"149\" \/><\/p>\n<p><strong>Rodney Sieh<\/strong> est le fondateur, r\u00e9dacteur en chef, et directeur de publication de Front Page Africa,\u00a0l\u2019un des organes de presse les plus respect\u00e9es d&#8217;Afrique bas\u00e9e au Lib\u00e9ria. En 2019, Sieh a re\u00e7u le prix international de la libert\u00e9 de la presse. En 2014, il a \u00e9t\u00e9 nomm\u00e9 parmi les \u00ab100 h\u00e9ros de l&#8217;information\u00bb de Reporters Sans Fronti\u00e8re et son organe de presse, Front Page Africa, a re\u00e7u le prix de TV5 Monde pour la libert\u00e9 de la presse.<\/p>\n<p>Depuis 2009, le journal de Rodney s\u2019est consid\u00e9rablement impliqu\u00e9 dans les activit\u00e9s journalistiques portant sur les droits de l\u2019homme et a form\u00e9 des professionnels des m\u00e9dias afin qu\u2019ils puissent utiliser leurs techniques de reportage traditionnelles pour couvrir les droits de l\u2019homme et d\u2019autres questions importantes dans leurs communaut\u00e9s.<\/p>\n<p><strong>Ousmane Sy Savan\u00e9<\/strong><\/p>\n<p><img loading=\"lazy\" decoding=\"async\" class=\"wp-image-20094 alignleft\" src=\"https:\/\/www.mfwa.org\/wp-content\/uploads\/2020\/10\/savane-600x600.jpg\" alt=\"\" width=\"248\" height=\"248\" srcset=\"https:\/\/demo.mfwa.org\/wp-content\/uploads\/2020\/10\/savane-600x600.jpg 600w, https:\/\/demo.mfwa.org\/wp-content\/uploads\/2020\/10\/savane-150x150.jpg 150w, https:\/\/demo.mfwa.org\/wp-content\/uploads\/2020\/10\/savane-90x90.jpg 90w, https:\/\/demo.mfwa.org\/wp-content\/uploads\/2020\/10\/savane-370x370.jpg 370w, https:\/\/demo.mfwa.org\/wp-content\/uploads\/2020\/10\/savane-570x570.jpg 570w, https:\/\/demo.mfwa.org\/wp-content\/uploads\/2020\/10\/savane-580x580.jpg 580w, https:\/\/demo.mfwa.org\/wp-content\/uploads\/2020\/10\/savane-120x120.jpg 120w, https:\/\/demo.mfwa.org\/wp-content\/uploads\/2020\/10\/savane-250x250.jpg 250w, https:\/\/demo.mfwa.org\/wp-content\/uploads\/2020\/10\/savane.jpg 640w\" sizes=\"(max-width: 248px) 100vw, 248px\" \/><\/p>\n<p><strong>Ousmane Sy Savan\u00e9<\/strong> est un journaliste chevronn\u00e9 et responsable de m\u00e9dias. Depuis 2002, il est directeur g\u00e9n\u00e9ral du groupe de presse Cyclone \u00e0 Abidjan. Parmi les plateformes m\u00e9dia du groupe Cyclone figurent Le Temps, Lg Infos et Le Tempsinfos.net.<\/p>\n<p>Savan\u00e9 est \u00e9galement vice-pr\u00e9sident du Groupement des Editeurs de Presse de Cote d\u2019Ivoire (GEPCI). Il est \u00e9galement vice-pr\u00e9sident de l\u2019Observatoire de la Libert\u00e9 de la Presse de l\u2019Ethique et de la D\u00e9ontologie en C\u00f4te d\u2019Ivoire (OLPED).<\/p>\n<p>Savan\u00e9 est diplom\u00e9 de la Greenwich School of Management et de l&#8217;Universit\u00e9 Guildhall, tous deux \u00e0 Londres. Il a une solide ma\u00eetrise de la langue anglaise en plus du fran\u00e7ais.<\/p>\n<p>&nbsp;<\/p>\n","protected":false},"author":6,"featured_media":20055,"comment_status":"closed","ping_status":"closed","template":"","categories":[167],"tags":[],"country":[],"class_list":["post-20156","issues-in-focus","type-issues-in-focus","status-publish","has-post-thumbnail","hentry","category-media-development"],"_links":{"self":[{"href":"https:\/\/demo.mfwa.org\/fr\/wp-json\/wp\/v2\/issues-in-focus\/20156","targetHints":{"allow":["GET"]}}],"collection":[{"href":"https:\/\/demo.mfwa.org\/fr\/wp-json\/wp\/v2\/issues-in-focus"}],"about":[{"href":"https:\/\/demo.mfwa.org\/fr\/wp-json\/wp\/v2\/types\/issues-in-focus"}],"author":[{"embeddable":true,"href":"https:\/\/demo.mfwa.org\/fr\/wp-json\/wp\/v2\/users\/6"}],"replies":[{"embeddable":true,"href":"https:\/\/demo.mfwa.org\/fr\/wp-json\/wp\/v2\/comments?post=20156"}],"wp:featuredmedia":[{"embeddable":true,"href":"https:\/\/demo.mfwa.org\/fr\/wp-json\/wp\/v2\/media\/20055"}],"wp:attachment":[{"href":"https:\/\/demo.mfwa.org\/fr\/wp-json\/wp\/v2\/media?parent=20156"}],"wp:term":[{"taxonomy":"category","embeddable":true,"href":"https:\/\/demo.mfwa.org\/fr\/wp-json\/wp\/v2\/categories?post=20156"},{"taxonomy":"post_tag","embeddable":true,"href":"https:\/\/demo.mfwa.org\/fr\/wp-json\/wp\/v2\/tags?post=20156"},{"taxonomy":"country","embeddable":true,"href":"https:\/\/demo.mfwa.org\/fr\/wp-json\/wp\/v2\/country?post=20156"}],"curies":[{"name":"wp","href":"https:\/\/api.w.org\/{rel}","templated":true}]}}