{"id":33359,"date":"2024-09-26T17:40:10","date_gmt":"2024-09-26T17:40:10","guid":{"rendered":"https:\/\/mfwa.org\/?post_type=issues-in-focus&#038;p=33359"},"modified":"2024-09-26T17:40:10","modified_gmt":"2024-09-26T17:40:10","slug":"le-projet-simandou-doit-preserver-lenvironnement-et-les-droits-des-populations-hotes","status":"publish","type":"issues-in-focus","link":"https:\/\/demo.mfwa.org\/fr\/issues-in-focus\/le-projet-simandou-doit-preserver-lenvironnement-et-les-droits-des-populations-hotes\/","title":{"rendered":"Le projet Simandou doit pr\u00e9server l\u2019environnement et les droits des populations h\u00f4tes"},"content":{"rendered":"<p style=\"text-align: justify;\"><strong>Avant-propos<\/strong><\/p>\n<p style=\"text-align: justify;\">La Fondation des M\u00e9dias pour l\u2019Afrique de l\u2019Ouest (MFWA) met en \u0153uvre un projet visant \u00e0 mettre en lumi\u00e8re les d\u00e9fis auxquels sont confront\u00e9s les \u00e9cologistes et les journalistes sp\u00e9cialis\u00e9s dans les questions environnementales. Ce projet comprend le suivi et la production de rapports sur la libert\u00e9 d\u2019expression (en ligne et hors ligne), l\u2019activisme environnemental (en ligne et hors ligne), ainsi que sur le d\u00e9veloppement des m\u00e9dias en Guin\u00e9e. L\u2019accent est mis sur les difficult\u00e9s rencontr\u00e9es par les journalistes, les activistes et les communaut\u00e9s engag\u00e9es dans la protection de l\u2019environnement.<\/p>\n<p style=\"text-align: justify;\">Le suivi et les rapports sur la libert\u00e9 d\u2019expression s\u2019inscrivent dans le cadre du projet de la MFWA intitul\u00e9 \u00ab <strong>Promouvoir l\u2019agro\u00e9cologie et la Durabilit\u00e9 Environnementale ; et Renforcer la Libert\u00e9 d\u2019Expression en Afrique de l\u2019Ouest<\/strong> \u00bb, qui est mis en \u0153uvre avec le soutien financier de The 11th Hour Project de la Schmidt Family Foundation.<\/p>\n<p style=\"text-align: justify;\">Le projet se concentre \u00e9galement sur les questions de d\u00e9gradation de l\u2019environnement, d\u2019agro\u00e9cologie et de moyens de subsistance durables. Il vise, entre autres, \u00e0 mettre en \u00e9vidence les pratiques environnementales et agricoles non durables et malsaines qui compromettent l\u2019int\u00e9grit\u00e9 de l\u2019environnement et la durabilit\u00e9 des moyens de subsistance.<\/p>\n<p style=\"text-align: justify;\">Cet article traite de l\u2019exploitation du gisement de fer a Simandou, Guin\u00e9e, et de son impact sur l\u2019environnement, sur les communaut\u00e9s et leur moyen de subsistance. Il traite \u00e9galement des d\u00e9fis auxquels font face les activistes qui militent pour les droits des personnes et groupes affect\u00e9s.<\/p>\n<p style=\"text-align: justify;\"><strong>Introduction<\/strong><\/p>\n<p style=\"text-align: justify;\">En Guin\u00e9e, le Projet Simandou est en plein essor, repr\u00e9sentant le plus grand gisement de fer inexploit\u00e9 au monde. Depuis le coup d\u2019\u00c9tat du 5 septembre 2021, qui a renvers\u00e9 l\u2019ancien pr\u00e9sident Alpha Cond\u00e9, le projet est dirig\u00e9 par Djiba Diakit\u00e9, Ministre Directeur de Cabinet de la Pr\u00e9sidence, qui occupe \u00e9galement les fonctions de Pr\u00e9sident du comit\u00e9 strat\u00e9gique de Simandou et de l\u2019accord cadre sino-guin\u00e9en. En tant qu\u2019homme fort du r\u00e9gime, il joue un r\u00f4le cl\u00e9 dans la r\u00e9alisation de ce m\u00e9ga projet minier.<\/p>\n<p style=\"text-align: justify;\">Les autorit\u00e9s militaires attachent une importance cruciale \u00e0 ce projet, qu\u2019elles consid\u00e8rent comme essentiel \u00e0 leur vision pour le pays. Situ\u00e9 dans le sud-est de la Guin\u00e9e, le Simandou est un projet d\u2019exploitation de minerai de fer de classe mondiale, \u00e9labor\u00e9 en partenariat avec Rio Tinto, les autorit\u00e9s guin\u00e9ennes, Chalco et l\u2019International Finance Corporation (IFC), membre du groupe de la Banque mondiale.<\/p>\n<p style=\"text-align: justify;\">Le Simandou se compose d\u2019une cha\u00eene de collines s\u2019\u00e9tendant sur 110 km et culminant \u00e0 1 658 m\u00e8tres, dans les r\u00e9gions de N\u2019Z\u00e9rekor\u00e9 et de Kankan, au c\u0153ur des zones montagneuses et bois\u00e9es de la Guin\u00e9e. Pour faciliter le transport du minerai de fer, un chemin de fer sera construit, traversant 12 pr\u00e9fectures et d\u00e9bouchant sur le port min\u00e9ralier situ\u00e9 sur la c\u00f4te, dans la pr\u00e9fecture de For\u00e9cariah.<\/p>\n<p style=\"text-align: justify;\">Toutefois, le projet Simandou pr\u00e9sente des dangers d\u2019une part pour les communaut\u00e9s voisines en termes d\u2019acc\u00e8s \u00e0 leurs terres et \u00e0 l\u2019eau, et d\u2019autres part, \u00e0 l\u2019environnement du fait de grandes quantit\u00e9s de carbone qui seront \u00e9mises dans l\u2019atmosph\u00e8re et de ses r\u00e9percussions sur la faune.<\/p>\n<p style=\"text-align: justify;\"><strong>T\u00e9moignages amers des populations, activistes \u00a0<\/strong><\/p>\n<p style=\"text-align: justify;\">La r\u00e9alisation d\u2019un tel projet a forc\u00e9ment des impacts environnementaux dans les r\u00e9gions travers\u00e9es. Ainsi, depuis le d\u00e9but de la prospection, celle des trac\u00e9es topographiques pour les poses des rails du futur train min\u00e9ralier, des communaut\u00e9s sont impact\u00e9es. Des champs sont d\u00e9vast\u00e9s, des cours d\u2019eaux pollu\u00e9s, des habitations inond\u00e9es, des citoyens infect\u00e9s par des maladies qu\u2019ils ne connaissaient pas. Les bonnes m\u0153urs sont aussi affect\u00e9es par le d\u00e9barquement le long des sites d\u2019exploitations de belles de nuits qu\u2019on accuse de propager des maladies.<\/p>\n<p style=\"text-align: justify;\">Amara Camara, le coordinateur du comit\u00e9 de suivi citoyen des impact\u00e9s du projet Simandou de Kindia, pr\u00e9fecture situ\u00e9e \u00e0 environ une centaine de kilom\u00e8tres de la capitale Conakry, est un de fervent opposant du projet Simandou et de son impact sur les communaut\u00e9s et les zones travers\u00e9es par le m\u00e9gaprojet.<\/p>\n<p style=\"text-align: justify;\">\u00ab J\u2019ai fait l\u2019objet d\u2019une arrestation le 27 octobre 2023 et d\u2019une autre les mois qui ont suivi. Les autorit\u00e9s locales m\u2019ont plac\u00e9 en garde \u00e0 vue \u00e0 deux reprises simplement parce que j\u2019ai pr\u00e9sent\u00e9 aux communaut\u00e9s, lors d\u2019une s\u00e9ance de d\u00e9monstration, les r\u00e9sultats d\u2019un rapport que j\u2019ai document\u00e9 sur l\u2019impact de Simandou sur l\u2019environnement \u00e0 Madina Oula, une sous-pr\u00e9fecture travers\u00e9e par le projet. Avant mon interpellation et ma d\u00e9tention, j\u2019ai re\u00e7u des attaques verbales d\u2019une rare intensit\u00e9 des autorit\u00e9s locales qui m\u2019ont trait\u00e9 de traitre qui ne souhaite pas que le projet Simandou soit une r\u00e9alit\u00e9. A chacun de mes rapports qui \u00e9taient pourtant rendus, avec une copie aux autorit\u00e9s, je fais l\u2019objet de menaces et d\u2019attaques\u00a0\u00bb a expliqu\u00e9 Amara Camara.<\/p>\n<p style=\"text-align: justify;\">Il explique qu\u2019il est sorti indemne de ces deux d\u00e9tentions \u00e0 la gendarmerie frontali\u00e8re de Madina Oula parce qu\u2019il enqu\u00eate sur ce projet au compte d\u2019une organisation non gouvernementale locale appel\u00e9e Action Mines Guin\u00e9e (AMINES).<\/p>\n<p style=\"text-align: justify;\">\u00ab C\u2019est une organisation influente et connue dans toutes les grandes rencontres mini\u00e8res. Ce sont les pressions de cette organisation qui m\u2019ont aid\u00e9 \u00e0 m\u2019en sortir\u00a0\u00bb a r\u00e9v\u00e9l\u00e9 Amara Camara,<\/p>\n<p style=\"text-align: justify;\">Mamadou Diould\u00e9 Sow, coordinateur d\u2019AMINES dans la sous-pr\u00e9fecture Ourekaba et de Soya, des agglom\u00e9rations situ\u00e9es en provinces \u00e0 un peu plus de 200 km de Conakry, est aussi un des pionniers de la r\u00e9sistance contre les effets n\u00e9fastes de Simandou sur la biodiversit\u00e9. Lui aussi a r\u00e9guli\u00e8rement re\u00e7u des menaces, des intimidations et des convocations perp\u00e9tr\u00e9es par les autorit\u00e9s locales.<\/p>\n<p style=\"text-align: justify;\">\u00ab Les soci\u00e9t\u00e9s sous-traitantes du projet ne respectent pas les clauses des contrats. Souvent lorsque c\u2019est le cas, je n\u2019h\u00e9site pas \u00e0 me tenir du cot\u00e9 des communaut\u00e9s impact\u00e9es et cela n\u2019est pas sans cons\u00e9quences pour moi. J\u2019ai \u00e0 maintes reprises \u00e9t\u00e9 convoqu\u00e9 et entendu. Parfois, j\u2019essuie des bl\u00e2mes de la part des autorit\u00e9s communales. Mais, je n\u2019ai jamais faibli. Je me dis que si je dois payer le prix de ma vie pour prot\u00e9ger les int\u00e9r\u00eats de ma communaut\u00e9, je n\u2019h\u00e9siterai guerre \u00e0 me sacrifier\u00a0\u00bb a-t-il pr\u00e9cis\u00e9.<\/p>\n<p style=\"text-align: justify;\">Ces deux activistes pour la sauvegarde du patrimoine environnemental, disent avoir document\u00e9 de nombreux impacts de ce projet sur l\u2019environnement et les communaut\u00e9s. Ces impacts, disent-ils, sont les suivants.<\/p>\n<p style=\"text-align: justify;\">Les travaux sur les trac\u00e9es du chemin de fer impactent des zones agricoles du fait des remblais, des ponts, et des tunnels, dont les r\u00e9alisations n\u00e9cessitent une forte d\u00e9pense d\u2019Energie et de l\u2019eau. L\u2019op\u00e9ration d\u00e9clenche des torrents de poussi\u00e8re et d\u2019eaux boueuses de couleur rouge qui se d\u00e9verse dans les basfonds rizicoles. Des champs, des plantations, des sources d\u2019eau sont impact\u00e9s.<\/p>\n<p style=\"text-align: justify;\">Le processus de dynamitage des montagnes et des collines joue sur la faune. Effray\u00e9es par les bruits, des esp\u00e8ces rares et prot\u00e9g\u00e9s de <a href=\"https:\/\/www.reuters.com\/world\/africa\/exclusive-guinea-rail-builders-blast-chimp-habitat-no-plan-protect-apes-2021-08-17\/\">Chimpanz\u00e9s<\/a>, de singes et d\u2019autres oiseaux ont d\u00e9sert\u00e9 ces forets pour des destinations inconnues.<\/p>\n<p style=\"text-align: justify;\">Sur le plan humain, les deux observateurs de la nature disent que les habitants de leurs villages respectifs commencent \u00e0 d\u00e9velopper des pathologies jusque-l\u00e0 inconnues des communaut\u00e9s telles que le gonflement des membres inf\u00e9rieurs, des infections sexuellement transmissibles dues \u00e0 l\u2019affluences de personnes attir\u00e9es par les travaux et l\u2019argent.<\/p>\n<p style=\"text-align: justify;\">Selon des rapports document\u00e9s, les riverains et les autochtones ont perdu plusieurs espaces cultivables. Et le m\u00e9canisme de compensation n\u2019est pas uniforme. Chaque entreprise du projet viendrait avec ses propres grilles contractuelles. Il n\u2019y a aucune r\u00e9f\u00e9rence dans laquelle les droits des communaut\u00e9s sont respect\u00e9s parce qu\u2019il n\u2019y a aucun r\u00e9f\u00e9rentiel national \u00e9labor\u00e9 par le gouvernement \u00e0 l\u2019attention des entreprises contractantes, explique des membres de communaut\u00e9s qui requi\u00e8rent l\u2019anonymat pour des raisons \u00e9videntes de s\u00e9curit\u00e9.<\/p>\n<p style=\"text-align: justify;\">Ils disent aussi qu\u2019il y a des d\u00e9bordements dans les mensurations.<\/p>\n<p style=\"text-align: justify;\">\u00ab Lorsqu\u2019ils viennent, ils ne respectent pas les mesures. Si c\u2019est 20 m\u00e8tres de surface qui sont requis, ils annexent environ 40 m\u00e8tres, et c\u2019est ce qui fait qu\u2019ils d\u00e9bordent et d\u00e9versent des terres rouges apr\u00e8s les d\u00e9capages. Les champs et des arbres sont ensevelis \u00e0 une grande \u00e9chelle. Parfois, lorsque des villageois impact\u00e9s se plaignent, les entreprises r\u00e9parent les torts, mais parfois, rien n\u2019y fait, ils passent outre. Des impact\u00e9s de ces cas sont l\u00e9gion. Tous les basfonds sont pollu\u00e9s dans le District de Bantamaya o\u00f9 il y a eu des ouvertures de caniveaux qui polluent les zones agricoles. M\u00eame sc\u00e9nario dans le district de Ourekaba. La boue a d\u00e9truit au secteur Hafia les domaines de Fatou Mara, une brave dame qui avait r\u00e9ussi dans l\u2019agriculture. Le constat est alarmant \u00e0 Madina, Bantamaya. Vers Farintah, sous-pr\u00e9fecture de Soya, il y a des cas de fissures de maisons li\u00e9es aux vibrations des machines. Les compensations sont minimes. Les montants sont largement bas\u00a0\u00bb a t\u00e9moign\u00e9 un habitant de Madina Oula.<\/p>\n<p style=\"text-align: justify;\">AMINES compte parmi ses membres des personnes qui ont document\u00e9 tous les cas consign\u00e9s dans les rapports trimestriels. Ibrahima Sory Kourouma, un de ses membres, a expliqu\u00e9 que cette organisation accompagne les communaut\u00e9s riveraines des projets miniers dans la d\u00e9fense de leurs droits. Elle les aide \u00e0 assurer le suivi citoyen des engagements des entreprises et de l\u2019\u00c9tat \u00e0 leur \u00e9gard. L\u2019ONG les assiste \u00e9galement dans le d\u00e9veloppement d\u2019un plaidoyer autour du projet Simandou, gr\u00e2ce aux efforts des comit\u00e9s de suivi qui \u0153uvrent \u00e0 For\u00e9cariah, Kindia, Mamou et K\u00e9rouan\u00e9, les pr\u00e9fectures touch\u00e9es par le projet.<\/p>\n<p style=\"text-align: justify;\">\u00ab Nous aidons les communaut\u00e9s en mati\u00e8re de mobilisation, de communication et de documentation. Nous les soutenons dans leurs d\u00e9marches aupr\u00e8s des juges et tribunaux pour porter les impacts environnementaux devant la justice \u00bb, a d\u00e9clar\u00e9 un responsable d\u2019AMINES.<\/p>\n<p style=\"text-align: justify;\">Les p\u00eacheurs se plaignent \u00e9galement des destructions de leurs filets et de leurs pirogues au large de For\u00e9cariah, la pr\u00e9fecture qui abrite le port min\u00e9ralier.<\/p>\n<p style=\"text-align: justify;\">Dans la pr\u00e9fecture de B\u00e9la se trouve la sous-pr\u00e9fecture de Gnossomoridou, point de d\u00e9part du projet Simandou. C\u2019est dans ce village que sont pr\u00e9vues la construction d\u2019un port sec et d\u2019une gare d\u2019embarquement pour le minerai de fer \u00e0 destination du port de For\u00e9cariah, en basse c\u00f4te.<\/p>\n<p style=\"text-align: justify;\">\u00c0 Gnossomoridou, situ\u00e9e \u00e0 25 km de Beyla, se trouvent des contreforts abritant 18 sources. Selon Lancinet Donzo, point focal d\u2019AMINES dans cette localit\u00e9, deux des fleuves vitaux pour les communaut\u00e9s ont \u00e9t\u00e9 pollu\u00e9s par les travaux de d\u00e9capage.<\/p>\n<p style=\"text-align: justify;\">\u00ab Avant, les citoyens lavaient les habits, puisaient l\u2019eau \u00e0 boire et l\u2019eau pour le m\u00e9nage global dans les rivi\u00e8res Mia et Farako. Ce sont deux rivi\u00e8res qui desservent des villages entiers. Mais, de nos jours, ses eaux ont \u00e9t\u00e9 pollu\u00e9es et sont inutilisables par les travaux de m\u00e9nages. Les collectivit\u00e9s en souffrent s\u00e9rieusement\u00a0\u00bb a d\u00e9clar\u00e9 Lancinet Donzo.<\/p>\n<p style=\"text-align: justify;\">Depuis 2016, Donzo, activiste pour la cause de la faune et la flore dans la r\u00e9gion du Sud de la Guin\u00e9e se bat pour la pr\u00e9servation de la biodiversit\u00e9 sur le mont Simandou. Il a eu maille \u00e0 partir avec les autorit\u00e9s locales qui, au d\u00e9but, le traitaient de saboteur, d\u2019apatride. Les communaut\u00e9s \u00e9taient remont\u00e9es contre lui parce qu\u2019on l\u2019a pr\u00e9sent\u00e9 comme quelqu\u2019un qui ne souhaite pas le d\u00e9veloppement de la Pr\u00e9fecture de Beyla.<\/p>\n<p style=\"text-align: justify;\">\u00ab Les autorit\u00e9s locales avaient fini de ternir mon image dans la communaut\u00e9 \u00e0 travers des campagnes de sabotages et de discr\u00e9dits \u00e0 mon \u00e9gard. J\u2019ai \u00e9t\u00e9 pr\u00e9sent\u00e9 comme un enfant indigne du village. Je fais une assise avec la communaut\u00e9 pour faire comprendre aux parents que ce projet est viable et souhait\u00e9 pour nos enfants, pour la r\u00e9gion. Mais, je leur ai dit qu\u2019il ne faut cependant pas qu\u2019on n\u2019oublie les cons\u00e9quences pour l\u2019environnement que nous allons l\u00e9guer \u00e0 nos enfants.\u00a0 Nous voulons certes que nos enfants travaillent dans ce projet, qu\u2019ils soient salari\u00e9s, mais cela ne doit pas nous faire oublier leur avenir aussi. Voil\u00e0 ce que j\u2019ai dit aux communaut\u00e9s. J\u2019ai fait des photos des lieux o\u00f9 l\u2019ont voit carr\u00e9ment l\u2019effet de l\u2019impact sur l\u2019environnement. C\u2019est ainsi qu\u2019ils m\u2019ont compris et se sont mis de mon cot\u00e9\u00a0\u00bb, a confi\u00e9 Donzo qui est en pleine enqu\u00eates pour la r\u00e9daction d\u2019un rapport qu\u2019il projette de rendre public le 10 octobre prochain.<\/p>\n<p style=\"text-align: justify;\"><strong>Recommandations<\/strong><\/p>\n<p style=\"text-align: justify;\">Au regard de ce qui pr\u00e9c\u00e8de, les activistes qui d\u00e9fendent les droits des populations touch\u00e9es par les travaux sur le Simandou formulent les recommandations suivantes\u00a0:<\/p>\n<ul>\n<li style=\"text-align: justify;\"><strong>La r\u00e9paration des dommages caus\u00e9s<\/strong>: De nombreuses personnes sont sevr\u00e9es de leurs domaines cultivables qui servaient de moyens de subsistance et leur permettait de g\u00e9n\u00e9rer un revenu. Il faut concevoir des mesures compensations fiables et efficaces.<\/li>\n<li style=\"text-align: justify;\"><strong>La restauration\u00a0de la flore et de la faune <\/strong>: De nombreuses for\u00eats communautaires ont \u00e9t\u00e9 d\u00e9truits alors qu\u2019elles de servaient de zone d\u2019\u00e9quilibre environnemental. Il est donc recommand\u00e9 que le couvert forestier des communaut\u00e9s le long du corridor du train min\u00e9ralier du Simandou soit restaur\u00e9. Alors qu\u2019elle vise \u00e0 restaurer le couvert v\u00e9g\u00e9tal d\u00e9truit, cette mesure favorisera la r\u00e9g\u00e9n\u00e9ration du couvert v\u00e9g\u00e9tal et la conservation des ressources fauniques.<\/li>\n<li style=\"text-align: justify;\"><strong>Protection des activistes <\/strong>: Les activistes qui luttent contre ces destructions de l\u2019environnement dus aux travaux sont vus de mauvais \u0153il par les autorit\u00e9s et les soci\u00e9t\u00e9s sous-traitantes. Ils sont d\u00e9munis et isol\u00e9s. Ils m\u00e9ritent une assistante l\u00e9gale, s\u00e9curitaire et logistique. Ils ont besoin d\u2019\u00eatre couverts par des avocats et des organisations humanitaires ou caritatives pour leur permettre de continuer la lutte.<\/li>\n<li style=\"text-align: justify;\"><strong>Protection des communaut\u00e9s\u00a0<\/strong>: Il est n\u00e9cessaire de concevoir des m\u00e9canismes juridiques pour contraindre les auteurs de violations des droits des communaut\u00e9s \u00e0 r\u00e9pondre de leurs actes.<\/li>\n<\/ul>\n","protected":false},"author":6,"featured_media":33362,"comment_status":"closed","ping_status":"closed","template":"","categories":[231],"tags":[],"country":[244],"class_list":["post-33359","issues-in-focus","type-issues-in-focus","status-publish","has-post-thumbnail","hentry","category-digital-rights-fr","country-guinee"],"_links":{"self":[{"href":"https:\/\/demo.mfwa.org\/fr\/wp-json\/wp\/v2\/issues-in-focus\/33359","targetHints":{"allow":["GET"]}}],"collection":[{"href":"https:\/\/demo.mfwa.org\/fr\/wp-json\/wp\/v2\/issues-in-focus"}],"about":[{"href":"https:\/\/demo.mfwa.org\/fr\/wp-json\/wp\/v2\/types\/issues-in-focus"}],"author":[{"embeddable":true,"href":"https:\/\/demo.mfwa.org\/fr\/wp-json\/wp\/v2\/users\/6"}],"replies":[{"embeddable":true,"href":"https:\/\/demo.mfwa.org\/fr\/wp-json\/wp\/v2\/comments?post=33359"}],"wp:featuredmedia":[{"embeddable":true,"href":"https:\/\/demo.mfwa.org\/fr\/wp-json\/wp\/v2\/media\/33362"}],"wp:attachment":[{"href":"https:\/\/demo.mfwa.org\/fr\/wp-json\/wp\/v2\/media?parent=33359"}],"wp:term":[{"taxonomy":"category","embeddable":true,"href":"https:\/\/demo.mfwa.org\/fr\/wp-json\/wp\/v2\/categories?post=33359"},{"taxonomy":"post_tag","embeddable":true,"href":"https:\/\/demo.mfwa.org\/fr\/wp-json\/wp\/v2\/tags?post=33359"},{"taxonomy":"country","embeddable":true,"href":"https:\/\/demo.mfwa.org\/fr\/wp-json\/wp\/v2\/country?post=33359"}],"curies":[{"name":"wp","href":"https:\/\/api.w.org\/{rel}","templated":true}]}}