{"id":45983,"date":"2025-06-24T06:48:17","date_gmt":"2025-06-24T06:48:17","guid":{"rendered":"https:\/\/demo.mfwa.org\/?page_id=45983"},"modified":"2025-06-24T06:48:19","modified_gmt":"2025-06-24T06:48:19","slug":"mali","status":"publish","type":"page","link":"https:\/\/demo.mfwa.org\/fr\/mali\/","title":{"rendered":"Mali"},"content":{"rendered":"\t\t<div data-elementor-type=\"wp-page\" data-elementor-id=\"45983\" class=\"elementor elementor-45983\" data-elementor-post-type=\"page\">\n\t\t\t\t\t\t<section class=\"elementor-section elementor-top-section elementor-element elementor-element-248a2e5 elementor-section-boxed elementor-section-height-default elementor-section-height-default sc_fly_static\" data-id=\"248a2e5\" data-element_type=\"section\" data-e-type=\"section\" data-settings=\"{&quot;background_background&quot;:&quot;classic&quot;}\">\n\t\t\t\t\t\t<div class=\"elementor-container elementor-column-gap-extended\">\n\t\t\t\t\t<div class=\"elementor-column elementor-col-100 elementor-top-column elementor-element elementor-element-1eddfbf sc_content_align_inherit sc_layouts_column_icons_position_left sc_fly_static\" data-id=\"1eddfbf\" data-element_type=\"column\" data-e-type=\"column\">\n\t\t\t<div class=\"elementor-widget-wrap elementor-element-populated\">\n\t\t\t\t\t\t<div class=\"elementor-element elementor-element-61aaba6 sc_fly_static elementor-widget elementor-widget-mfwa-posts\" data-id=\"61aaba6\" data-element_type=\"widget\" data-e-type=\"widget\" data-widget_type=\"mfwa-posts.default\">\n\t\t\t\t<div class=\"elementor-widget-container\">\n\t\t\t\t\t<style>\n            @media (max-width: 767px) {\n                .mfwa-posts-grid {\n                    grid-template-columns: 1fr !important;\n                }\n                .page-numbers,\n                .page-numbers.current {\n                    font-size: 15px !important;\n                    padding: 10px !important;\n                    border-radius: 50px !important;\n                    margin: 5px !important;\n                }\n            }\n            @media (min-width: 768px) and (max-width: 1024px) {\n                .mfwa-posts-grid {\n                    grid-template-columns: repeat(2, 1fr) !important;\n                }\n            }\n            .page-numbers.current {\n                font-size: 30px;\n                padding: 20px;\n                background: #1877AB !important;\n                color: #fff;\n                border-radius: 90px;\n                margin: 10px;\n            }\n            .page-numbers {\n                font-size: 30px;\n                padding: 20px;\n                margin: 10px;\n                border: 1px solid !important;\n                border-radius: 80px !important;\n                color: #1877AB;\n                text-decoration: none;\n            }\n        <\/style><div class=\"mfwa-posts-grid\" style=\"display: grid; grid-template-columns: repeat(3, 1fr); gap: 20px;\"><div class=\"mfwa-post-card\" style=\"border: 0px solid #ddd; padding: 10px; border-radius: 8px; overflow: hidden;\"><a href=\"https:\/\/demo.mfwa.org\/fr\/country-highlights\/la-mfwa-condamne-larrestation-du-journaliste-malien-alfousseini-togo\/\">\n    <div style=\"height: 220px; overflow: hidden; border-radius:6px;\">\n        <img fetchpriority=\"high\" decoding=\"async\" width=\"600\" height=\"324\" src=\"https:\/\/demo.mfwa.org\/wp-content\/uploads\/2025\/04\/Palais-de-Justice-Mali-Photo-CENOZO.jpg\" class=\"attachment-medium size-medium wp-post-image\" alt=\"\" style=\"width:100%; height:100%; object-fit: cover;\" srcset=\"https:\/\/demo.mfwa.org\/wp-content\/uploads\/2025\/04\/Palais-de-Justice-Mali-Photo-CENOZO.jpg 601w, https:\/\/demo.mfwa.org\/wp-content\/uploads\/2025\/04\/Palais-de-Justice-Mali-Photo-CENOZO-150x81.jpg 150w, https:\/\/demo.mfwa.org\/wp-content\/uploads\/2025\/04\/Palais-de-Justice-Mali-Photo-CENOZO-300x162.jpg 300w\" sizes=\"(max-width: 600px) 100vw, 600px\" \/>\n    <\/div>\n<\/a><div style=\"margin-top: 8px; font-size: 13px; color: #666;\"><span style=\"margin-right: 10px;\"><a href=\"https:\/\/demo.mfwa.org\/fr\/category\/free-expression-violations-fr\/\" style=\"color:#c12d2b; text-decoration:none; margin-right:5px;\">Les violations de la libre expression<\/a><\/span><span><a href=\"https:\/\/demo.mfwa.org\/country\/mali\/\" style=\"color:#c12d2b; text-decoration:none; margin-right:5px;\">Mali<\/a><a href=\"https:\/\/demo.mfwa.org\/fr\/country\/mali-fr\/\" style=\"color:#c12d2b; text-decoration:none; margin-right:5px;\">Mali<\/a><\/span><\/div><h3 style=\"margin-top:10px;\"><a href=\"https:\/\/demo.mfwa.org\/fr\/country-highlights\/la-mfwa-condamne-larrestation-du-journaliste-malien-alfousseini-togo\/\" style=\"text-decoration:none; color:#333; font-size:20px; line-height: 28px;\">La MFWA condamne l&#8217;arrestation du journaliste malien Alfousseini Togo<\/a><\/h3><\/div><div class=\"mfwa-post-card\" style=\"border: 0px solid #ddd; padding: 10px; border-radius: 8px; overflow: hidden;\"><a href=\"https:\/\/demo.mfwa.org\/fr\/country-highlights\/alou-badra-sacko-detenu-pour-opposition-aux-nouvelles-taxes-au-mali\/\">\n    <div style=\"height: 220px; overflow: hidden; border-radius:6px;\">\n        <img decoding=\"async\" width=\"600\" height=\"400\" src=\"https:\/\/demo.mfwa.org\/wp-content\/uploads\/2025\/04\/badra-alou-sacko-one-600x400.jpg\" class=\"attachment-medium size-medium wp-post-image\" alt=\"\" style=\"width:100%; height:100%; object-fit: cover;\" srcset=\"https:\/\/demo.mfwa.org\/wp-content\/uploads\/2025\/04\/badra-alou-sacko-one-600x400.jpg 600w, https:\/\/demo.mfwa.org\/wp-content\/uploads\/2025\/04\/badra-alou-sacko-one-1024x683.jpg 1024w, https:\/\/demo.mfwa.org\/wp-content\/uploads\/2025\/04\/badra-alou-sacko-one-768x512.jpg 768w, https:\/\/demo.mfwa.org\/wp-content\/uploads\/2025\/04\/badra-alou-sacko-one-150x100.jpg 150w, https:\/\/demo.mfwa.org\/wp-content\/uploads\/2025\/04\/badra-alou-sacko-one-300x200.jpg 300w, https:\/\/demo.mfwa.org\/wp-content\/uploads\/2025\/04\/badra-alou-sacko-one-696x464.jpg 696w, https:\/\/demo.mfwa.org\/wp-content\/uploads\/2025\/04\/badra-alou-sacko-one-1068x712.jpg 1068w, https:\/\/demo.mfwa.org\/wp-content\/uploads\/2025\/04\/badra-alou-sacko-one.jpg 1080w\" sizes=\"(max-width: 600px) 100vw, 600px\" \/>\n    <\/div>\n<\/a><div style=\"margin-top: 8px; font-size: 13px; color: #666;\"><span style=\"margin-right: 10px;\"><a href=\"https:\/\/demo.mfwa.org\/fr\/category\/free-expression-violations-fr\/\" style=\"color:#c12d2b; text-decoration:none; margin-right:5px;\">Les violations de la libre expression<\/a><\/span><span><a href=\"https:\/\/demo.mfwa.org\/fr\/country\/mali-fr\/\" style=\"color:#c12d2b; text-decoration:none; margin-right:5px;\">Mali<\/a><\/span><\/div><h3 style=\"margin-top:10px;\"><a href=\"https:\/\/demo.mfwa.org\/fr\/country-highlights\/alou-badra-sacko-detenu-pour-opposition-aux-nouvelles-taxes-au-mali\/\" style=\"text-decoration:none; color:#333; font-size:20px; line-height: 28px;\">Alou Badra Sacko d\u00e9tenu pour opposition aux nouvelles taxes au Mali<\/a><\/h3><\/div><div class=\"mfwa-post-card\" style=\"border: 0px solid #ddd; padding: 10px; border-radius: 8px; overflow: hidden;\"><a href=\"https:\/\/demo.mfwa.org\/fr\/country-highlights\/mali-les-medias-audiovisuels-frappes-par-une-augmentation-de-900-de-la-redevance-audiovisuelle\/\">\n    <div style=\"height: 220px; overflow: hidden; border-radius:6px;\">\n        <img decoding=\"async\" width=\"600\" height=\"335\" src=\"https:\/\/demo.mfwa.org\/wp-content\/uploads\/2025\/03\/HAC-image-e1741686480794-600x335.jpg\" class=\"attachment-medium size-medium wp-post-image\" alt=\"\" style=\"width:100%; height:100%; object-fit: cover;\" srcset=\"https:\/\/demo.mfwa.org\/wp-content\/uploads\/2025\/03\/HAC-image-e1741686480794-600x335.jpg 600w, https:\/\/demo.mfwa.org\/wp-content\/uploads\/2025\/03\/HAC-image-e1741686480794-768x429.jpg 768w, https:\/\/demo.mfwa.org\/wp-content\/uploads\/2025\/03\/HAC-image-e1741686480794-150x84.jpg 150w, https:\/\/demo.mfwa.org\/wp-content\/uploads\/2025\/03\/HAC-image-e1741686480794-300x168.jpg 300w, https:\/\/demo.mfwa.org\/wp-content\/uploads\/2025\/03\/HAC-image-e1741686480794-696x389.jpg 696w, https:\/\/demo.mfwa.org\/wp-content\/uploads\/2025\/03\/HAC-image-e1741686480794.jpg 1024w\" sizes=\"(max-width: 600px) 100vw, 600px\" \/>\n    <\/div>\n<\/a><div style=\"margin-top: 8px; font-size: 13px; color: #666;\"><span style=\"margin-right: 10px;\"><a href=\"https:\/\/demo.mfwa.org\/fr\/category\/free-expression-and-the-law-fr\/\" style=\"color:#c12d2b; text-decoration:none; margin-right:5px;\">La libre expression et La Loi<\/a><a href=\"https:\/\/demo.mfwa.org\/fr\/category\/liberte-de-la-presse\/\" style=\"color:#c12d2b; text-decoration:none; margin-right:5px;\">Libert\u00e9 de la presse<\/a><\/span><span><a href=\"https:\/\/demo.mfwa.org\/fr\/country\/mali-fr\/\" style=\"color:#c12d2b; text-decoration:none; margin-right:5px;\">Mali<\/a><\/span><\/div><h3 style=\"margin-top:10px;\"><a href=\"https:\/\/demo.mfwa.org\/fr\/country-highlights\/mali-les-medias-audiovisuels-frappes-par-une-augmentation-de-900-de-la-redevance-audiovisuelle\/\" style=\"text-decoration:none; color:#333; font-size:20px; line-height: 28px;\">Mali: Les m\u00e9dias audiovisuels frapp\u00e9s par une augmentation de 900 % de la redevance audiovisuelle<\/a><\/h3><\/div><div class=\"mfwa-post-card\" style=\"border: 0px solid #ddd; padding: 10px; border-radius: 8px; overflow: hidden;\"><a href=\"https:\/\/demo.mfwa.org\/fr\/country-highlights\/protection-de-lenvironnement-au-mali-un-combat-contre-les-obstacles-et-les-pressions\/\">\n    <div style=\"height: 220px; overflow: hidden; border-radius:6px;\">\n        <img loading=\"lazy\" decoding=\"async\" width=\"600\" height=\"337\" src=\"https:\/\/demo.mfwa.org\/wp-content\/uploads\/2025\/03\/2019-10-07_mali_artisinal_miners-600x337.jpg\" class=\"attachment-medium size-medium wp-post-image\" alt=\"\" style=\"width:100%; height:100%; object-fit: cover;\" srcset=\"https:\/\/demo.mfwa.org\/wp-content\/uploads\/2025\/03\/2019-10-07_mali_artisinal_miners-600x337.jpg 600w, https:\/\/demo.mfwa.org\/wp-content\/uploads\/2025\/03\/2019-10-07_mali_artisinal_miners-1024x576.jpg 1024w, https:\/\/demo.mfwa.org\/wp-content\/uploads\/2025\/03\/2019-10-07_mali_artisinal_miners-768x432.jpg 768w, https:\/\/demo.mfwa.org\/wp-content\/uploads\/2025\/03\/2019-10-07_mali_artisinal_miners-1536x864.jpg 1536w, https:\/\/demo.mfwa.org\/wp-content\/uploads\/2025\/03\/2019-10-07_mali_artisinal_miners-2048x1152.jpg 2048w, https:\/\/demo.mfwa.org\/wp-content\/uploads\/2025\/03\/2019-10-07_mali_artisinal_miners-150x84.jpg 150w, https:\/\/demo.mfwa.org\/wp-content\/uploads\/2025\/03\/2019-10-07_mali_artisinal_miners-300x169.jpg 300w, https:\/\/demo.mfwa.org\/wp-content\/uploads\/2025\/03\/2019-10-07_mali_artisinal_miners-696x391.jpg 696w, https:\/\/demo.mfwa.org\/wp-content\/uploads\/2025\/03\/2019-10-07_mali_artisinal_miners-1068x601.jpg 1068w, https:\/\/demo.mfwa.org\/wp-content\/uploads\/2025\/03\/2019-10-07_mali_artisinal_miners-1920x1080.jpg 1920w\" sizes=\"(max-width: 600px) 100vw, 600px\" \/>\n    <\/div>\n<\/a><div style=\"margin-top: 8px; font-size: 13px; color: #666;\"><span style=\"margin-right: 10px;\"><a href=\"https:\/\/demo.mfwa.org\/fr\/category\/free-expression-violations-fr\/\" style=\"color:#c12d2b; text-decoration:none; margin-right:5px;\">Les violations de la libre expression<\/a><\/span><span><a href=\"https:\/\/demo.mfwa.org\/fr\/country\/mali-fr\/\" style=\"color:#c12d2b; text-decoration:none; margin-right:5px;\">Mali<\/a><\/span><\/div><h3 style=\"margin-top:10px;\"><a href=\"https:\/\/demo.mfwa.org\/fr\/country-highlights\/protection-de-lenvironnement-au-mali-un-combat-contre-les-obstacles-et-les-pressions\/\" style=\"text-decoration:none; color:#333; font-size:20px; line-height: 28px;\">Protection de l\u2019environnement au Mali: un combat contre les obstacles et les pressions<\/a><\/h3><\/div><div class=\"mfwa-post-card\" style=\"border: 0px solid #ddd; padding: 10px; border-radius: 8px; overflow: hidden;\"><a href=\"https:\/\/demo.mfwa.org\/fr\/country-highlights\/mali-non-respect-du-calendrier-de-transition-et-intensification-de-la-repression-contre-les-medias-et-la-societe-civil\/\">\n    <div style=\"height: 220px; overflow: hidden; border-radius:6px;\">\n        <img loading=\"lazy\" decoding=\"async\" width=\"534\" height=\"314\" src=\"https:\/\/demo.mfwa.org\/wp-content\/uploads\/2024\/04\/MALIA.jpg\" class=\"attachment-medium size-medium wp-post-image\" alt=\"\" style=\"width:100%; height:100%; object-fit: cover;\" srcset=\"https:\/\/demo.mfwa.org\/wp-content\/uploads\/2024\/04\/MALIA.jpg 534w, https:\/\/demo.mfwa.org\/wp-content\/uploads\/2024\/04\/MALIA-150x88.jpg 150w, https:\/\/demo.mfwa.org\/wp-content\/uploads\/2024\/04\/MALIA-300x176.jpg 300w\" sizes=\"(max-width: 600px) 100vw, 534px\" \/>\n    <\/div>\n<\/a><div style=\"margin-top: 8px; font-size: 13px; color: #666;\"><span style=\"margin-right: 10px;\"><a href=\"https:\/\/demo.mfwa.org\/fr\/category\/free-expression-violations-fr\/\" style=\"color:#c12d2b; text-decoration:none; margin-right:5px;\">Les violations de la libre expression<\/a><\/span><span><a href=\"https:\/\/demo.mfwa.org\/fr\/country\/mali-fr\/\" style=\"color:#c12d2b; text-decoration:none; margin-right:5px;\">Mali<\/a><\/span><\/div><h3 style=\"margin-top:10px;\"><a href=\"https:\/\/demo.mfwa.org\/fr\/country-highlights\/mali-non-respect-du-calendrier-de-transition-et-intensification-de-la-repression-contre-les-medias-et-la-societe-civil\/\" style=\"text-decoration:none; color:#333; font-size:20px; line-height: 28px;\">Mali : non-respect du calendrier de transition et intensification de la r\u00e9pression contre les m\u00e9dias et la soci\u00e9t\u00e9 civil<\/a><\/h3><\/div><div class=\"mfwa-post-card\" style=\"border: 0px solid #ddd; padding: 10px; border-radius: 8px; overflow: hidden;\"><a href=\"https:\/\/demo.mfwa.org\/fr\/country-highlights\/un-journaliste-condamne-deux-voix-critiques-liberes-provisoirement\/\">\n    <div style=\"height: 220px; overflow: hidden; border-radius:6px;\">\n        <img loading=\"lazy\" decoding=\"async\" width=\"600\" height=\"335\" src=\"https:\/\/demo.mfwa.org\/wp-content\/uploads\/2024\/03\/GOITTTA-600x335.png\" class=\"attachment-medium size-medium wp-post-image\" alt=\"\" style=\"width:100%; height:100%; object-fit: cover;\" srcset=\"https:\/\/demo.mfwa.org\/wp-content\/uploads\/2024\/03\/GOITTTA-600x335.png 600w, https:\/\/demo.mfwa.org\/wp-content\/uploads\/2024\/03\/GOITTTA-1024x571.png 1024w, https:\/\/demo.mfwa.org\/wp-content\/uploads\/2024\/03\/GOITTTA-768x428.png 768w, https:\/\/demo.mfwa.org\/wp-content\/uploads\/2024\/03\/GOITTTA-1536x856.png 1536w, https:\/\/demo.mfwa.org\/wp-content\/uploads\/2024\/03\/GOITTTA-2048x1142.png 2048w, https:\/\/demo.mfwa.org\/wp-content\/uploads\/2024\/03\/GOITTTA-150x84.png 150w, https:\/\/demo.mfwa.org\/wp-content\/uploads\/2024\/03\/GOITTTA-300x167.png 300w, https:\/\/demo.mfwa.org\/wp-content\/uploads\/2024\/03\/GOITTTA-696x388.png 696w, https:\/\/demo.mfwa.org\/wp-content\/uploads\/2024\/03\/GOITTTA-1068x595.png 1068w, https:\/\/demo.mfwa.org\/wp-content\/uploads\/2024\/03\/GOITTTA-1920x1070.png 1920w\" sizes=\"(max-width: 600px) 100vw, 600px\" \/>\n    <\/div>\n<\/a><div style=\"margin-top: 8px; font-size: 13px; color: #666;\"><span style=\"margin-right: 10px;\"><a href=\"https:\/\/demo.mfwa.org\/fr\/category\/free-expression-violations-fr\/\" style=\"color:#c12d2b; text-decoration:none; margin-right:5px;\">Les violations de la libre expression<\/a><\/span><span><a href=\"https:\/\/demo.mfwa.org\/fr\/country\/mali-fr\/\" style=\"color:#c12d2b; text-decoration:none; margin-right:5px;\">Mali<\/a><\/span><\/div><h3 style=\"margin-top:10px;\"><a href=\"https:\/\/demo.mfwa.org\/fr\/country-highlights\/un-journaliste-condamne-deux-voix-critiques-liberes-provisoirement\/\" style=\"text-decoration:none; color:#333; font-size:20px; line-height: 28px;\">Un journaliste condamn\u00e9, deux voix critiques lib\u00e9r\u00e9s provisoirement<\/a><\/h3><\/div><div class=\"mfwa-post-card\" style=\"border: 0px solid #ddd; padding: 10px; border-radius: 8px; overflow: hidden;\"><a href=\"https:\/\/demo.mfwa.org\/fr\/country-highlights\/encore-une-voix-critique-reduite-au-silence-au-mali\/\">\n    <div style=\"height: 220px; overflow: hidden; border-radius:6px;\">\n        <img loading=\"lazy\" decoding=\"async\" width=\"600\" height=\"566\" src=\"https:\/\/demo.mfwa.org\/wp-content\/uploads\/2024\/01\/chouala-600x566.webp\" class=\"attachment-medium size-medium wp-post-image\" alt=\"\" style=\"width:100%; height:100%; object-fit: cover;\" srcset=\"https:\/\/demo.mfwa.org\/wp-content\/uploads\/2024\/01\/chouala-600x566.webp 600w, https:\/\/demo.mfwa.org\/wp-content\/uploads\/2024\/01\/chouala-150x141.webp 150w, https:\/\/demo.mfwa.org\/wp-content\/uploads\/2024\/01\/chouala-300x283.webp 300w, https:\/\/demo.mfwa.org\/wp-content\/uploads\/2024\/01\/chouala-696x656.webp 696w, https:\/\/demo.mfwa.org\/wp-content\/uploads\/2024\/01\/chouala.webp 714w\" sizes=\"(max-width: 600px) 100vw, 600px\" \/>\n    <\/div>\n<\/a><div style=\"margin-top: 8px; font-size: 13px; color: #666;\"><span style=\"margin-right: 10px;\"><a href=\"https:\/\/demo.mfwa.org\/fr\/category\/free-expression-violations-fr\/\" style=\"color:#c12d2b; text-decoration:none; margin-right:5px;\">Les violations de la libre expression<\/a><\/span><span><a href=\"https:\/\/demo.mfwa.org\/fr\/country\/mali-fr\/\" style=\"color:#c12d2b; text-decoration:none; margin-right:5px;\">Mali<\/a><\/span><\/div><h3 style=\"margin-top:10px;\"><a href=\"https:\/\/demo.mfwa.org\/fr\/country-highlights\/encore-une-voix-critique-reduite-au-silence-au-mali\/\" style=\"text-decoration:none; color:#333; font-size:20px; line-height: 28px;\">Encore une voix critique r\u00e9duite au silence au Mali<\/a><\/h3><\/div><div class=\"mfwa-post-card\" style=\"border: 0px solid #ddd; padding: 10px; border-radius: 8px; overflow: hidden;\"><a href=\"https:\/\/demo.mfwa.org\/fr\/country-highlights\/un-animateur-radio-tue-un-blesse-et-2-autres-enleves-dans-le-nord-du-mali\/\">\n    <div style=\"height: 220px; overflow: hidden; border-radius:6px;\">\n        <img loading=\"lazy\" decoding=\"async\" width=\"600\" height=\"338\" src=\"https:\/\/demo.mfwa.org\/wp-content\/uploads\/2023\/11\/MALIA-600x338.jpg\" class=\"attachment-medium size-medium wp-post-image\" alt=\"\" style=\"width:100%; height:100%; object-fit: cover;\" srcset=\"https:\/\/demo.mfwa.org\/wp-content\/uploads\/2023\/11\/MALIA-600x338.jpg 600w, https:\/\/demo.mfwa.org\/wp-content\/uploads\/2023\/11\/MALIA-768x433.jpg 768w, https:\/\/demo.mfwa.org\/wp-content\/uploads\/2023\/11\/MALIA-150x84.jpg 150w, https:\/\/demo.mfwa.org\/wp-content\/uploads\/2023\/11\/MALIA-300x169.jpg 300w, https:\/\/demo.mfwa.org\/wp-content\/uploads\/2023\/11\/MALIA-696x392.jpg 696w, https:\/\/demo.mfwa.org\/wp-content\/uploads\/2023\/11\/MALIA.jpg 863w\" sizes=\"(max-width: 600px) 100vw, 600px\" \/>\n    <\/div>\n<\/a><div style=\"margin-top: 8px; font-size: 13px; color: #666;\"><span style=\"margin-right: 10px;\"><a href=\"https:\/\/demo.mfwa.org\/fr\/category\/impunity-fr\/\" style=\"color:#c12d2b; text-decoration:none; margin-right:5px;\">Impunit\u00e9<\/a><a href=\"https:\/\/demo.mfwa.org\/fr\/category\/free-expression-violations-fr\/\" style=\"color:#c12d2b; text-decoration:none; margin-right:5px;\">Les violations de la libre expression<\/a><\/span><span><a href=\"https:\/\/demo.mfwa.org\/fr\/country\/mali-fr\/\" style=\"color:#c12d2b; text-decoration:none; margin-right:5px;\">Mali<\/a><\/span><\/div><h3 style=\"margin-top:10px;\"><a href=\"https:\/\/demo.mfwa.org\/fr\/country-highlights\/un-animateur-radio-tue-un-blesse-et-2-autres-enleves-dans-le-nord-du-mali\/\" style=\"text-decoration:none; color:#333; font-size:20px; line-height: 28px;\">Un animateur radio tu\u00e9, un bless\u00e9 et 2 autres enlev\u00e9s dans le nord du Mali<\/a><\/h3><\/div><div class=\"mfwa-post-card\" style=\"border: 0px solid #ddd; padding: 10px; border-radius: 8px; overflow: hidden;\"><a href=\"https:\/\/demo.mfwa.org\/fr\/issues-in-focus\/securite-des-femmes-journalistes-au-mali-des-defis-et-des-combats-persistants\/\">\n    <div style=\"height: 220px; overflow: hidden; border-radius:6px;\">\n        <img loading=\"lazy\" decoding=\"async\" width=\"600\" height=\"338\" src=\"https:\/\/demo.mfwa.org\/wp-content\/uploads\/2023\/11\/Female-journalist_GettyImages-600x338.jpeg\" class=\"attachment-medium size-medium wp-post-image\" alt=\"\" style=\"width:100%; height:100%; object-fit: cover;\" srcset=\"https:\/\/demo.mfwa.org\/wp-content\/uploads\/2023\/11\/Female-journalist_GettyImages-600x338.jpeg 600w, https:\/\/demo.mfwa.org\/wp-content\/uploads\/2023\/11\/Female-journalist_GettyImages-768x432.jpeg 768w, https:\/\/demo.mfwa.org\/wp-content\/uploads\/2023\/11\/Female-journalist_GettyImages-150x84.jpeg 150w, https:\/\/demo.mfwa.org\/wp-content\/uploads\/2023\/11\/Female-journalist_GettyImages-300x169.jpeg 300w, https:\/\/demo.mfwa.org\/wp-content\/uploads\/2023\/11\/Female-journalist_GettyImages-696x392.jpeg 696w, https:\/\/demo.mfwa.org\/wp-content\/uploads\/2023\/11\/Female-journalist_GettyImages.jpeg 1024w\" sizes=\"(max-width: 600px) 100vw, 600px\" \/>\n    <\/div>\n<\/a><div style=\"margin-top: 8px; font-size: 13px; color: #666;\"><span style=\"margin-right: 10px;\"><a href=\"https:\/\/demo.mfwa.org\/fr\/category\/securite-des-journalistes\/\" style=\"color:#c12d2b; text-decoration:none; margin-right:5px;\">S\u00e9curit\u00e9 des Journalistes<\/a><\/span><span><a href=\"https:\/\/demo.mfwa.org\/fr\/country\/mali-fr\/\" style=\"color:#c12d2b; text-decoration:none; margin-right:5px;\">Mali<\/a><\/span><\/div><h3 style=\"margin-top:10px;\"><a href=\"https:\/\/demo.mfwa.org\/fr\/issues-in-focus\/securite-des-femmes-journalistes-au-mali-des-defis-et-des-combats-persistants\/\" style=\"text-decoration:none; color:#333; font-size:20px; line-height: 28px;\">S\u00e9curit\u00e9 des femmes journalistes au Mali: Des d\u00e9fis et des combats persistants<\/a><\/h3><\/div><div class=\"mfwa-post-card\" style=\"border: 0px solid #ddd; padding: 10px; border-radius: 8px; overflow: hidden;\"><a href=\"https:\/\/demo.mfwa.org\/fr\/country-highlights\/un-autre-militant-incarcere-au-mali\/\">\n    <div style=\"height: 220px; overflow: hidden; border-radius:6px;\">\n        <img loading=\"lazy\" decoding=\"async\" width=\"600\" height=\"338\" src=\"https:\/\/demo.mfwa.org\/wp-content\/uploads\/2023\/09\/MALIA-600x338.webp\" class=\"attachment-medium size-medium wp-post-image\" alt=\"\" style=\"width:100%; height:100%; object-fit: cover;\" srcset=\"https:\/\/demo.mfwa.org\/wp-content\/uploads\/2023\/09\/MALIA-600x338.webp 600w, https:\/\/demo.mfwa.org\/wp-content\/uploads\/2023\/09\/MALIA-768x432.webp 768w, https:\/\/demo.mfwa.org\/wp-content\/uploads\/2023\/09\/MALIA-150x84.webp 150w, https:\/\/demo.mfwa.org\/wp-content\/uploads\/2023\/09\/MALIA-300x169.webp 300w, https:\/\/demo.mfwa.org\/wp-content\/uploads\/2023\/09\/MALIA-696x392.webp 696w, https:\/\/demo.mfwa.org\/wp-content\/uploads\/2023\/09\/MALIA.webp 1024w\" sizes=\"(max-width: 600px) 100vw, 600px\" \/>\n    <\/div>\n<\/a><div style=\"margin-top: 8px; font-size: 13px; color: #666;\"><span style=\"margin-right: 10px;\"><a href=\"https:\/\/demo.mfwa.org\/fr\/category\/free-expression-violations-fr\/\" style=\"color:#c12d2b; text-decoration:none; margin-right:5px;\">Les violations de la libre expression<\/a><\/span><span><a href=\"https:\/\/demo.mfwa.org\/fr\/country\/mali-fr\/\" style=\"color:#c12d2b; text-decoration:none; margin-right:5px;\">Mali<\/a><\/span><\/div><h3 style=\"margin-top:10px;\"><a href=\"https:\/\/demo.mfwa.org\/fr\/country-highlights\/un-autre-militant-incarcere-au-mali\/\" style=\"text-decoration:none; color:#333; font-size:20px; line-height: 28px;\">Un autre militant incarc\u00e9r\u00e9 au Mali<\/a><\/h3><\/div><div class=\"mfwa-post-card\" style=\"border: 0px solid #ddd; padding: 10px; border-radius: 8px; overflow: hidden;\"><a href=\"https:\/\/demo.mfwa.org\/fr\/country-highlights\/linstance-regulatrice-des-medias-donne-un-dernier-avertissement-a-tv5-monde\/\">\n    <div style=\"height: 220px; overflow: hidden; border-radius:6px;\">\n        <img loading=\"lazy\" decoding=\"async\" width=\"600\" height=\"372\" src=\"https:\/\/demo.mfwa.org\/wp-content\/uploads\/2023\/05\/TV5-Monde.png\" class=\"attachment-medium size-medium wp-post-image\" alt=\"\" style=\"width:100%; height:100%; object-fit: cover;\" srcset=\"https:\/\/demo.mfwa.org\/wp-content\/uploads\/2023\/05\/TV5-Monde.png 600w, https:\/\/demo.mfwa.org\/wp-content\/uploads\/2023\/05\/TV5-Monde-150x93.png 150w, https:\/\/demo.mfwa.org\/wp-content\/uploads\/2023\/05\/TV5-Monde-300x186.png 300w\" sizes=\"(max-width: 600px) 100vw, 600px\" \/>\n    <\/div>\n<\/a><div style=\"margin-top: 8px; font-size: 13px; color: #666;\"><span style=\"margin-right: 10px;\"><a href=\"https:\/\/demo.mfwa.org\/fr\/category\/liberte-de-la-presse\/\" style=\"color:#c12d2b; text-decoration:none; margin-right:5px;\">Libert\u00e9 de la presse<\/a><\/span><span><a href=\"https:\/\/demo.mfwa.org\/fr\/country\/mali-fr\/\" style=\"color:#c12d2b; text-decoration:none; margin-right:5px;\">Mali<\/a><\/span><\/div><h3 style=\"margin-top:10px;\"><a href=\"https:\/\/demo.mfwa.org\/fr\/country-highlights\/linstance-regulatrice-des-medias-donne-un-dernier-avertissement-a-tv5-monde\/\" style=\"text-decoration:none; color:#333; font-size:20px; line-height: 28px;\">L&#8217;instance r\u00e9gulatrice des m\u00e9dias donne un dernier avertissement \u00e0 TV5 Monde<\/a><\/h3><\/div><div class=\"mfwa-post-card\" style=\"border: 0px solid #ddd; padding: 10px; border-radius: 8px; overflow: hidden;\"><a href=\"https:\/\/demo.mfwa.org\/fr\/la-mfwa-et-29-autres-organisations-demandent-une-meilleure-protection-des-journalistes-au-mali-burkina-faso\/\">\n    <div style=\"height: 220px; overflow: hidden; border-radius:6px;\">\n        <img loading=\"lazy\" decoding=\"async\" width=\"600\" height=\"399\" src=\"https:\/\/demo.mfwa.org\/wp-content\/uploads\/2023\/05\/burkina-faso-french-newspaper-journalists-expelled-paper-vendor-getty-768x511-1-600x399.jpg\" class=\"attachment-medium size-medium wp-post-image\" alt=\"\" style=\"width:100%; height:100%; object-fit: cover;\" srcset=\"https:\/\/demo.mfwa.org\/wp-content\/uploads\/2023\/05\/burkina-faso-french-newspaper-journalists-expelled-paper-vendor-getty-768x511-1-600x399.jpg 600w, https:\/\/demo.mfwa.org\/wp-content\/uploads\/2023\/05\/burkina-faso-french-newspaper-journalists-expelled-paper-vendor-getty-768x511-1-150x100.jpg 150w, https:\/\/demo.mfwa.org\/wp-content\/uploads\/2023\/05\/burkina-faso-french-newspaper-journalists-expelled-paper-vendor-getty-768x511-1-300x200.jpg 300w, https:\/\/demo.mfwa.org\/wp-content\/uploads\/2023\/05\/burkina-faso-french-newspaper-journalists-expelled-paper-vendor-getty-768x511-1-696x463.jpg 696w, https:\/\/demo.mfwa.org\/wp-content\/uploads\/2023\/05\/burkina-faso-french-newspaper-journalists-expelled-paper-vendor-getty-768x511-1.jpg 768w\" sizes=\"(max-width: 600px) 100vw, 600px\" \/>\n    <\/div>\n<\/a><div style=\"margin-top: 8px; font-size: 13px; color: #666;\"><span style=\"margin-right: 10px;\"><a href=\"https:\/\/demo.mfwa.org\/fr\/category\/securite-des-journalistes\/\" style=\"color:#c12d2b; text-decoration:none; margin-right:5px;\">S\u00e9curit\u00e9 des Journalistes<\/a><\/span><span><a href=\"https:\/\/demo.mfwa.org\/fr\/country\/burkina-faso-fr\/\" style=\"color:#c12d2b; text-decoration:none; margin-right:5px;\">Burkina Faso<\/a><a href=\"https:\/\/demo.mfwa.org\/fr\/country\/mali-fr\/\" style=\"color:#c12d2b; text-decoration:none; margin-right:5px;\">Mali<\/a><\/span><\/div><h3 style=\"margin-top:10px;\"><a href=\"https:\/\/demo.mfwa.org\/fr\/la-mfwa-et-29-autres-organisations-demandent-une-meilleure-protection-des-journalistes-au-mali-burkina-faso\/\" style=\"text-decoration:none; color:#333; font-size:20px; line-height: 28px;\">La MFWA et 29 autres organisations demandent une meilleure protection des journalistes au Mali, Burkina Faso<\/a><\/h3><\/div><\/div><div class=\"mfwa-pagination\" style=\"margin-top: 20px; text-align: center;\"><span aria-current=\"page\" class=\"page-numbers current\">1<\/span>\n<a class=\"page-numbers\" href=\"https:\/\/demo.mfwa.org\/fr\/wp-json\/wp\/v2\/pages\/45983\/?paged=2\">2<\/a>\n<span class=\"page-numbers dots\">&hellip;<\/span>\n<a class=\"page-numbers\" href=\"https:\/\/demo.mfwa.org\/fr\/wp-json\/wp\/v2\/pages\/45983\/?paged=6\">6<\/a>\n<a class=\"next page-numbers\" href=\"https:\/\/demo.mfwa.org\/fr\/wp-json\/wp\/v2\/pages\/45983\/?paged=2\">&raquo;<\/a><\/div>\t\t\t\t<\/div>\n\t\t\t\t<\/div>\n\t\t\t\t\t<\/div>\n\t\t<\/div>\n\t\t\t\t\t<\/div>\n\t\t<\/section>\n\t\t\t\t<\/div>\n\t\t","protected":false},"excerpt":{"rendered":"<p>Free Expression ViolationsMali Malian journalist arrested for &#8220;insulting&#8221; Guinea&#8217;s President Free Expression ViolationsFreedom of ExpressionPress FreedomMali Malian authorities<\/p>\n","protected":false},"author":65,"featured_media":0,"parent":0,"menu_order":0,"comment_status":"closed","ping_status":"closed","template":"","meta":{"footnotes":""},"staff-position":[],"class_list":["post-45983","page","type-page","status-publish","hentry"],"_links":{"self":[{"href":"https:\/\/demo.mfwa.org\/fr\/wp-json\/wp\/v2\/pages\/45983","targetHints":{"allow":["GET"]}}],"collection":[{"href":"https:\/\/demo.mfwa.org\/fr\/wp-json\/wp\/v2\/pages"}],"about":[{"href":"https:\/\/demo.mfwa.org\/fr\/wp-json\/wp\/v2\/types\/page"}],"author":[{"embeddable":true,"href":"https:\/\/demo.mfwa.org\/fr\/wp-json\/wp\/v2\/users\/65"}],"replies":[{"embeddable":true,"href":"https:\/\/demo.mfwa.org\/fr\/wp-json\/wp\/v2\/comments?post=45983"}],"version-history":[{"count":1,"href":"https:\/\/demo.mfwa.org\/fr\/wp-json\/wp\/v2\/pages\/45983\/revisions"}],"predecessor-version":[{"id":45984,"href":"https:\/\/demo.mfwa.org\/fr\/wp-json\/wp\/v2\/pages\/45983\/revisions\/45984"}],"wp:attachment":[{"href":"https:\/\/demo.mfwa.org\/fr\/wp-json\/wp\/v2\/media?parent=45983"}],"wp:term":[{"taxonomy":"staff-position","embeddable":true,"href":"https:\/\/demo.mfwa.org\/fr\/wp-json\/wp\/v2\/staff-position?post=45983"}],"curies":[{"name":"wp","href":"https:\/\/api.w.org\/{rel}","templated":true}]}}