{"id":46004,"date":"2025-06-24T06:57:46","date_gmt":"2025-06-24T06:57:46","guid":{"rendered":"https:\/\/demo.mfwa.org\/?page_id=46004"},"modified":"2025-06-24T06:57:48","modified_gmt":"2025-06-24T06:57:48","slug":"nigeria","status":"publish","type":"page","link":"https:\/\/demo.mfwa.org\/fr\/nigeria\/","title":{"rendered":"Nigeria"},"content":{"rendered":"\t\t<div data-elementor-type=\"wp-page\" data-elementor-id=\"46004\" class=\"elementor elementor-46004\" data-elementor-post-type=\"page\">\n\t\t\t\t\t\t<section class=\"elementor-section elementor-top-section elementor-element elementor-element-248a2e5 elementor-section-boxed elementor-section-height-default elementor-section-height-default sc_fly_static\" data-id=\"248a2e5\" data-element_type=\"section\" data-e-type=\"section\" data-settings=\"{&quot;background_background&quot;:&quot;classic&quot;}\">\n\t\t\t\t\t\t<div class=\"elementor-container elementor-column-gap-extended\">\n\t\t\t\t\t<div class=\"elementor-column elementor-col-100 elementor-top-column elementor-element elementor-element-1eddfbf sc_content_align_inherit sc_layouts_column_icons_position_left sc_fly_static\" data-id=\"1eddfbf\" data-element_type=\"column\" data-e-type=\"column\">\n\t\t\t<div class=\"elementor-widget-wrap elementor-element-populated\">\n\t\t\t\t\t\t<div class=\"elementor-element elementor-element-61aaba6 sc_fly_static elementor-widget elementor-widget-mfwa-posts\" data-id=\"61aaba6\" data-element_type=\"widget\" data-e-type=\"widget\" data-widget_type=\"mfwa-posts.default\">\n\t\t\t\t<div class=\"elementor-widget-container\">\n\t\t\t\t\t<style>\n            @media (max-width: 767px) {\n                .mfwa-posts-grid {\n                    grid-template-columns: 1fr !important;\n                }\n                .page-numbers,\n                .page-numbers.current {\n                    font-size: 15px !important;\n                    padding: 10px !important;\n                    border-radius: 50px !important;\n                    margin: 5px !important;\n                }\n            }\n            @media (min-width: 768px) and (max-width: 1024px) {\n                .mfwa-posts-grid {\n                    grid-template-columns: repeat(2, 1fr) !important;\n                }\n            }\n            .page-numbers.current {\n                font-size: 30px;\n                padding: 20px;\n                background: #1877AB !important;\n                color: #fff;\n                border-radius: 90px;\n                margin: 10px;\n            }\n            .page-numbers {\n                font-size: 30px;\n                padding: 20px;\n                margin: 10px;\n                border: 1px solid !important;\n                border-radius: 80px !important;\n                color: #1877AB;\n                text-decoration: none;\n            }\n        <\/style><div class=\"mfwa-posts-grid\" style=\"display: grid; grid-template-columns: repeat(3, 1fr); gap: 20px;\"><div class=\"mfwa-post-card\" style=\"border: 0px solid #ddd; padding: 10px; border-radius: 8px; overflow: hidden;\"><a href=\"https:\/\/demo.mfwa.org\/fr\/country-highlights\/des-militaires-nigerians-agressent-des-journalistes-et-saisissent-du-materiel\/\">\n    <div style=\"height: 220px; overflow: hidden; border-radius:6px;\">\n        <img fetchpriority=\"high\" decoding=\"async\" width=\"600\" height=\"338\" src=\"https:\/\/demo.mfwa.org\/wp-content\/uploads\/2025\/03\/97777032__92132800_nigeriaarmyafp2-600x338.webp\" class=\"attachment-medium size-medium wp-post-image\" alt=\"\" style=\"width:100%; height:100%; object-fit: cover;\" srcset=\"https:\/\/demo.mfwa.org\/wp-content\/uploads\/2025\/03\/97777032__92132800_nigeriaarmyafp2-600x338.webp 600w, https:\/\/demo.mfwa.org\/wp-content\/uploads\/2025\/03\/97777032__92132800_nigeriaarmyafp2-150x84.webp 150w, https:\/\/demo.mfwa.org\/wp-content\/uploads\/2025\/03\/97777032__92132800_nigeriaarmyafp2-300x169.webp 300w, https:\/\/demo.mfwa.org\/wp-content\/uploads\/2025\/03\/97777032__92132800_nigeriaarmyafp2.webp 640w\" sizes=\"(max-width: 600px) 100vw, 600px\" \/>\n    <\/div>\n<\/a><div style=\"margin-top: 8px; font-size: 13px; color: #666;\"><span style=\"margin-right: 10px;\"><a href=\"https:\/\/demo.mfwa.org\/category\/free-expression-violations\/\" style=\"color:#c12d2b; text-decoration:none; margin-right:5px;\">Free Expression Violations<\/a><a href=\"https:\/\/demo.mfwa.org\/fr\/category\/securite-des-journalistes\/\" style=\"color:#c12d2b; text-decoration:none; margin-right:5px;\">S\u00e9curit\u00e9 des Journalistes<\/a><\/span><span><a href=\"https:\/\/demo.mfwa.org\/fr\/country\/nigeria-fr\/\" style=\"color:#c12d2b; text-decoration:none; margin-right:5px;\">Nig\u00e9ria<\/a><\/span><\/div><h3 style=\"margin-top:10px;\"><a href=\"https:\/\/demo.mfwa.org\/fr\/country-highlights\/des-militaires-nigerians-agressent-des-journalistes-et-saisissent-du-materiel\/\" style=\"text-decoration:none; color:#333; font-size:20px; line-height: 28px;\">Des militaires nig\u00e9rians agressent des journalistes et saisissent du mat\u00e9riel<\/a><\/h3><\/div><div class=\"mfwa-post-card\" style=\"border: 0px solid #ddd; padding: 10px; border-radius: 8px; overflow: hidden;\"><a href=\"https:\/\/demo.mfwa.org\/fr\/issues-in-focus\/en-depit-des-nombreuses-garanties-juridiques-les-journalistes-sont-confrontes-a-de-redoutables-obstacles-en-afrique-de-louest\/\">\n    <div style=\"height: 220px; overflow: hidden; border-radius:6px;\">\n        <img decoding=\"async\" width=\"520\" height=\"280\" src=\"https:\/\/demo.mfwa.org\/wp-content\/uploads\/2025\/03\/media-law1_1.jpg\" class=\"attachment-medium size-medium wp-post-image\" alt=\"\" style=\"width:100%; height:100%; object-fit: cover;\" srcset=\"https:\/\/demo.mfwa.org\/wp-content\/uploads\/2025\/03\/media-law1_1.jpg 520w, https:\/\/demo.mfwa.org\/wp-content\/uploads\/2025\/03\/media-law1_1-150x81.jpg 150w, https:\/\/demo.mfwa.org\/wp-content\/uploads\/2025\/03\/media-law1_1-300x162.jpg 300w\" sizes=\"(max-width: 600px) 100vw, 520px\" \/>\n    <\/div>\n<\/a><div style=\"margin-top: 8px; font-size: 13px; color: #666;\"><span style=\"margin-right: 10px;\"><a href=\"https:\/\/demo.mfwa.org\/fr\/category\/free-expression-and-the-law-fr\/\" style=\"color:#c12d2b; text-decoration:none; margin-right:5px;\">La libre expression et La Loi<\/a><\/span><span><a href=\"https:\/\/demo.mfwa.org\/fr\/country\/afrique-de-louest\/\" style=\"color:#c12d2b; text-decoration:none; margin-right:5px;\">Afrique de l&#039;Ouest<\/a><a href=\"https:\/\/demo.mfwa.org\/fr\/country\/cote-divoire-fr\/\" style=\"color:#c12d2b; text-decoration:none; margin-right:5px;\">C\u00f4te d\u2019Ivoire<\/a><a href=\"https:\/\/demo.mfwa.org\/fr\/country\/ghana-fr\/\" style=\"color:#c12d2b; text-decoration:none; margin-right:5px;\">Ghana<\/a><a href=\"https:\/\/demo.mfwa.org\/fr\/country\/guinee-bissau\/\" style=\"color:#c12d2b; text-decoration:none; margin-right:5px;\">Guin\u00e9e Bissau<\/a><a href=\"https:\/\/demo.mfwa.org\/fr\/country\/nigeria-fr\/\" style=\"color:#c12d2b; text-decoration:none; margin-right:5px;\">Nig\u00e9ria<\/a><a href=\"https:\/\/demo.mfwa.org\/fr\/country\/togo-fr\/\" style=\"color:#c12d2b; text-decoration:none; margin-right:5px;\">Togo<\/a><a href=\"https:\/\/demo.mfwa.org\/country\/togo\/\" style=\"color:#c12d2b; text-decoration:none; margin-right:5px;\">Togo<\/a><\/span><\/div><h3 style=\"margin-top:10px;\"><a href=\"https:\/\/demo.mfwa.org\/fr\/issues-in-focus\/en-depit-des-nombreuses-garanties-juridiques-les-journalistes-sont-confrontes-a-de-redoutables-obstacles-en-afrique-de-louest\/\" style=\"text-decoration:none; color:#333; font-size:20px; line-height: 28px;\">En d\u00e9pit des nombreuses garanties juridiques, les journalistes sont confront\u00e9s \u00e0 de redoutables obstacles en Afrique de l&#8217;Ouest<\/a><\/h3><\/div><div class=\"mfwa-post-card\" style=\"border: 0px solid #ddd; padding: 10px; border-radius: 8px; overflow: hidden;\"><a href=\"https:\/\/demo.mfwa.org\/fr\/appel-a-candidatures-subventions-pour-la-production-de-reportages\/\">\n    <div style=\"height: 220px; overflow: hidden; border-radius:6px;\">\n        <img decoding=\"async\" width=\"600\" height=\"400\" src=\"https:\/\/demo.mfwa.org\/wp-content\/uploads\/2025\/02\/DPI-600x400.jpg\" class=\"attachment-medium size-medium wp-post-image\" alt=\"\" style=\"width:100%; height:100%; object-fit: cover;\" srcset=\"https:\/\/demo.mfwa.org\/wp-content\/uploads\/2025\/02\/DPI-600x400.jpg 600w, https:\/\/demo.mfwa.org\/wp-content\/uploads\/2025\/02\/DPI-1024x683.jpg 1024w, https:\/\/demo.mfwa.org\/wp-content\/uploads\/2025\/02\/DPI-768x512.jpg 768w, https:\/\/demo.mfwa.org\/wp-content\/uploads\/2025\/02\/DPI-150x100.jpg 150w, https:\/\/demo.mfwa.org\/wp-content\/uploads\/2025\/02\/DPI-300x200.jpg 300w, https:\/\/demo.mfwa.org\/wp-content\/uploads\/2025\/02\/DPI-696x464.jpg 696w, https:\/\/demo.mfwa.org\/wp-content\/uploads\/2025\/02\/DPI-1068x712.jpg 1068w, https:\/\/demo.mfwa.org\/wp-content\/uploads\/2025\/02\/DPI.jpg 1536w\" sizes=\"(max-width: 600px) 100vw, 600px\" \/>\n    <\/div>\n<\/a><div style=\"margin-top: 8px; font-size: 13px; color: #666;\"><span style=\"margin-right: 10px;\"><a href=\"https:\/\/demo.mfwa.org\/fr\/category\/opportunites\/\" style=\"color:#c12d2b; text-decoration:none; margin-right:5px;\">Opportunit\u00e9s<\/a><\/span><span><a href=\"https:\/\/demo.mfwa.org\/fr\/country\/benin-fr\/\" style=\"color:#c12d2b; text-decoration:none; margin-right:5px;\">B\u00e9nin<\/a><a href=\"https:\/\/demo.mfwa.org\/fr\/country\/ghana-fr\/\" style=\"color:#c12d2b; text-decoration:none; margin-right:5px;\">Ghana<\/a><a href=\"https:\/\/demo.mfwa.org\/fr\/country\/nigeria-fr\/\" style=\"color:#c12d2b; text-decoration:none; margin-right:5px;\">Nig\u00e9ria<\/a><a href=\"https:\/\/demo.mfwa.org\/fr\/country\/togo-fr\/\" style=\"color:#c12d2b; text-decoration:none; margin-right:5px;\">Togo<\/a><\/span><\/div><h3 style=\"margin-top:10px;\"><a href=\"https:\/\/demo.mfwa.org\/fr\/appel-a-candidatures-subventions-pour-la-production-de-reportages\/\" style=\"text-decoration:none; color:#333; font-size:20px; line-height: 28px;\">Appel \u00e0 candidatures : Subventions pour la production de reportages<\/a><\/h3><\/div><div class=\"mfwa-post-card\" style=\"border: 0px solid #ddd; padding: 10px; border-radius: 8px; overflow: hidden;\"><a href=\"https:\/\/demo.mfwa.org\/fr\/issues-in-focus\/45-journalistes-selectionnes-pour-la-deuxieme-phase-de-la-bourse-de-journalisme-sur-les-infrastructures-publiques-numeriques\/\">\n    <div style=\"height: 220px; overflow: hidden; border-radius:6px;\">\n        <img loading=\"lazy\" decoding=\"async\" width=\"600\" height=\"273\" src=\"https:\/\/demo.mfwa.org\/wp-content\/uploads\/2024\/11\/DPI-phase-2-design-banner-french-01-600x273.jpg\" class=\"attachment-medium size-medium wp-post-image\" alt=\"\" style=\"width:100%; height:100%; object-fit: cover;\" srcset=\"https:\/\/demo.mfwa.org\/wp-content\/uploads\/2024\/11\/DPI-phase-2-design-banner-french-01-600x273.jpg 600w, https:\/\/demo.mfwa.org\/wp-content\/uploads\/2024\/11\/DPI-phase-2-design-banner-french-01-1024x466.jpg 1024w, https:\/\/demo.mfwa.org\/wp-content\/uploads\/2024\/11\/DPI-phase-2-design-banner-french-01-768x350.jpg 768w, https:\/\/demo.mfwa.org\/wp-content\/uploads\/2024\/11\/DPI-phase-2-design-banner-french-01-1536x699.jpg 1536w, https:\/\/demo.mfwa.org\/wp-content\/uploads\/2024\/11\/DPI-phase-2-design-banner-french-01-2048x932.jpg 2048w, https:\/\/demo.mfwa.org\/wp-content\/uploads\/2024\/11\/DPI-phase-2-design-banner-french-01-150x68.jpg 150w, https:\/\/demo.mfwa.org\/wp-content\/uploads\/2024\/11\/DPI-phase-2-design-banner-french-01-300x137.jpg 300w, https:\/\/demo.mfwa.org\/wp-content\/uploads\/2024\/11\/DPI-phase-2-design-banner-french-01-696x317.jpg 696w, https:\/\/demo.mfwa.org\/wp-content\/uploads\/2024\/11\/DPI-phase-2-design-banner-french-01-1068x486.jpg 1068w, https:\/\/demo.mfwa.org\/wp-content\/uploads\/2024\/11\/DPI-phase-2-design-banner-french-01-1920x874.jpg 1920w\" sizes=\"(max-width: 600px) 100vw, 600px\" \/>\n    <\/div>\n<\/a><div style=\"margin-top: 8px; font-size: 13px; color: #666;\"><span style=\"margin-right: 10px;\"><a href=\"https:\/\/demo.mfwa.org\/fr\/category\/media-development-fr\/\" style=\"color:#c12d2b; text-decoration:none; margin-right:5px;\">D\u00e9veloppement des m\u00e9dias<\/a><\/span><span><a href=\"https:\/\/demo.mfwa.org\/fr\/country\/benin-fr\/\" style=\"color:#c12d2b; text-decoration:none; margin-right:5px;\">B\u00e9nin<\/a><a href=\"https:\/\/demo.mfwa.org\/fr\/country\/ghana-fr\/\" style=\"color:#c12d2b; text-decoration:none; margin-right:5px;\">Ghana<\/a><a href=\"https:\/\/demo.mfwa.org\/fr\/country\/nigeria-fr\/\" style=\"color:#c12d2b; text-decoration:none; margin-right:5px;\">Nig\u00e9ria<\/a><a href=\"https:\/\/demo.mfwa.org\/fr\/country\/togo-fr\/\" style=\"color:#c12d2b; text-decoration:none; margin-right:5px;\">Togo<\/a><\/span><\/div><h3 style=\"margin-top:10px;\"><a href=\"https:\/\/demo.mfwa.org\/fr\/issues-in-focus\/45-journalistes-selectionnes-pour-la-deuxieme-phase-de-la-bourse-de-journalisme-sur-les-infrastructures-publiques-numeriques\/\" style=\"text-decoration:none; color:#333; font-size:20px; line-height: 28px;\">45 journalistes s\u00e9lectionn\u00e9s pour la deuxi\u00e8me phase de la bourse de journalisme sur les infrastructures publiques num\u00e9riques<\/a><\/h3><\/div><div class=\"mfwa-post-card\" style=\"border: 0px solid #ddd; padding: 10px; border-radius: 8px; overflow: hidden;\"><a href=\"https:\/\/demo.mfwa.org\/fr\/appel-a-candidatures-redacteurs-pour-la-bourse-de-journalisme-pour-les-infrastructures-publiques-numeriques\/\">\n    <div style=\"height: 220px; overflow: hidden; border-radius:6px;\">\n        <img loading=\"lazy\" decoding=\"async\" width=\"600\" height=\"346\" src=\"https:\/\/demo.mfwa.org\/wp-content\/uploads\/2024\/09\/Appel-candidature-iDove-600x346.png\" class=\"attachment-medium size-medium wp-post-image\" alt=\"\" style=\"width:100%; height:100%; object-fit: cover;\" srcset=\"https:\/\/demo.mfwa.org\/wp-content\/uploads\/2024\/09\/Appel-candidature-iDove-600x346.png 600w, https:\/\/demo.mfwa.org\/wp-content\/uploads\/2024\/09\/Appel-candidature-iDove-1024x590.png 1024w, https:\/\/demo.mfwa.org\/wp-content\/uploads\/2024\/09\/Appel-candidature-iDove-768x443.png 768w, https:\/\/demo.mfwa.org\/wp-content\/uploads\/2024\/09\/Appel-candidature-iDove-1536x885.png 1536w, https:\/\/demo.mfwa.org\/wp-content\/uploads\/2024\/09\/Appel-candidature-iDove-2048x1180.png 2048w, https:\/\/demo.mfwa.org\/wp-content\/uploads\/2024\/09\/Appel-candidature-iDove-150x86.png 150w, https:\/\/demo.mfwa.org\/wp-content\/uploads\/2024\/09\/Appel-candidature-iDove-300x173.png 300w, https:\/\/demo.mfwa.org\/wp-content\/uploads\/2024\/09\/Appel-candidature-iDove-696x401.png 696w, https:\/\/demo.mfwa.org\/wp-content\/uploads\/2024\/09\/Appel-candidature-iDove-1068x616.png 1068w, https:\/\/demo.mfwa.org\/wp-content\/uploads\/2024\/09\/Appel-candidature-iDove-1920x1107.png 1920w\" sizes=\"(max-width: 600px) 100vw, 600px\" \/>\n    <\/div>\n<\/a><div style=\"margin-top: 8px; font-size: 13px; color: #666;\"><span style=\"margin-right: 10px;\"><a href=\"https:\/\/demo.mfwa.org\/fr\/category\/medias-et-bonne-gouvernance\/\" style=\"color:#c12d2b; text-decoration:none; margin-right:5px;\">M\u00e9dias et Bonne Gouvernance<\/a><\/span><span><a href=\"https:\/\/demo.mfwa.org\/fr\/country\/benin-fr\/\" style=\"color:#c12d2b; text-decoration:none; margin-right:5px;\">B\u00e9nin<\/a><a href=\"https:\/\/demo.mfwa.org\/fr\/country\/ghana-fr\/\" style=\"color:#c12d2b; text-decoration:none; margin-right:5px;\">Ghana<\/a><a href=\"https:\/\/demo.mfwa.org\/fr\/country\/nigeria-fr\/\" style=\"color:#c12d2b; text-decoration:none; margin-right:5px;\">Nig\u00e9ria<\/a><a href=\"https:\/\/demo.mfwa.org\/fr\/country\/togo-fr\/\" style=\"color:#c12d2b; text-decoration:none; margin-right:5px;\">Togo<\/a><\/span><\/div><h3 style=\"margin-top:10px;\"><a href=\"https:\/\/demo.mfwa.org\/fr\/appel-a-candidatures-redacteurs-pour-la-bourse-de-journalisme-pour-les-infrastructures-publiques-numeriques\/\" style=\"text-decoration:none; color:#333; font-size:20px; line-height: 28px;\">Appel \u00e0 candidatures : R\u00e9dacteurs pour la Bourse de Journalisme pour les Infrastructures Publiques Num\u00e9riques<\/a><\/h3><\/div><div class=\"mfwa-post-card\" style=\"border: 0px solid #ddd; padding: 10px; border-radius: 8px; overflow: hidden;\"><a href=\"https:\/\/demo.mfwa.org\/fr\/appel-a-candidatures-2eme-phase-de-la-bourse-de-journalisme-de-la-mfwa-sur-les-ipn\/\">\n    <div style=\"height: 220px; overflow: hidden; border-radius:6px;\">\n        <img loading=\"lazy\" decoding=\"async\" width=\"600\" height=\"400\" src=\"https:\/\/demo.mfwa.org\/wp-content\/uploads\/2024\/08\/pages34-35-1088x725-1-600x400.jpg\" class=\"attachment-medium size-medium wp-post-image\" alt=\"\" style=\"width:100%; height:100%; object-fit: cover;\" srcset=\"https:\/\/demo.mfwa.org\/wp-content\/uploads\/2024\/08\/pages34-35-1088x725-1-600x400.jpg 600w, https:\/\/demo.mfwa.org\/wp-content\/uploads\/2024\/08\/pages34-35-1088x725-1-1024x682.jpg 1024w, https:\/\/demo.mfwa.org\/wp-content\/uploads\/2024\/08\/pages34-35-1088x725-1-768x512.jpg 768w, https:\/\/demo.mfwa.org\/wp-content\/uploads\/2024\/08\/pages34-35-1088x725-1-150x100.jpg 150w, https:\/\/demo.mfwa.org\/wp-content\/uploads\/2024\/08\/pages34-35-1088x725-1-300x200.jpg 300w, https:\/\/demo.mfwa.org\/wp-content\/uploads\/2024\/08\/pages34-35-1088x725-1-696x464.jpg 696w, https:\/\/demo.mfwa.org\/wp-content\/uploads\/2024\/08\/pages34-35-1088x725-1-1068x712.jpg 1068w, https:\/\/demo.mfwa.org\/wp-content\/uploads\/2024\/08\/pages34-35-1088x725-1.jpg 1088w\" sizes=\"(max-width: 600px) 100vw, 600px\" \/>\n    <\/div>\n<\/a><div style=\"margin-top: 8px; font-size: 13px; color: #666;\"><span style=\"margin-right: 10px;\"><a href=\"https:\/\/demo.mfwa.org\/fr\/category\/digital-rights-fr\/\" style=\"color:#c12d2b; text-decoration:none; margin-right:5px;\">Droits num\u00e9riques<\/a><\/span><span><a href=\"https:\/\/demo.mfwa.org\/fr\/country\/benin-fr\/\" style=\"color:#c12d2b; text-decoration:none; margin-right:5px;\">B\u00e9nin<\/a><a href=\"https:\/\/demo.mfwa.org\/fr\/country\/ghana-fr\/\" style=\"color:#c12d2b; text-decoration:none; margin-right:5px;\">Ghana<\/a><a href=\"https:\/\/demo.mfwa.org\/fr\/country\/nigeria-fr\/\" style=\"color:#c12d2b; text-decoration:none; margin-right:5px;\">Nig\u00e9ria<\/a><a href=\"https:\/\/demo.mfwa.org\/fr\/country\/togo-fr\/\" style=\"color:#c12d2b; text-decoration:none; margin-right:5px;\">Togo<\/a><\/span><\/div><h3 style=\"margin-top:10px;\"><a href=\"https:\/\/demo.mfwa.org\/fr\/appel-a-candidatures-2eme-phase-de-la-bourse-de-journalisme-de-la-mfwa-sur-les-ipn\/\" style=\"text-decoration:none; color:#333; font-size:20px; line-height: 28px;\">Appel \u00e0 candidatures : 2\u00e8me phase de la bourse de journalisme de la MFWA sur les IPN<\/a><\/h3><\/div><div class=\"mfwa-post-card\" style=\"border: 0px solid #ddd; padding: 10px; border-radius: 8px; overflow: hidden;\"><a href=\"https:\/\/demo.mfwa.org\/fr\/la-mfwa-lance-la-phase-ii-de-la-bourse-de-journalisme-sur-les-ipns-60-journalistes-en-beneficieront\/\">\n    <div style=\"height: 220px; overflow: hidden; border-radius:6px;\">\n        <img loading=\"lazy\" decoding=\"async\" width=\"600\" height=\"335\" src=\"https:\/\/demo.mfwa.org\/wp-content\/uploads\/2024\/08\/Article-Sam-Viet_-Nov-23-600x335.jpg\" class=\"attachment-medium size-medium wp-post-image\" alt=\"\" style=\"width:100%; height:100%; object-fit: cover;\" srcset=\"https:\/\/demo.mfwa.org\/wp-content\/uploads\/2024\/08\/Article-Sam-Viet_-Nov-23-600x335.jpg 600w, https:\/\/demo.mfwa.org\/wp-content\/uploads\/2024\/08\/Article-Sam-Viet_-Nov-23-1024x572.jpg 1024w, https:\/\/demo.mfwa.org\/wp-content\/uploads\/2024\/08\/Article-Sam-Viet_-Nov-23-768x429.jpg 768w, https:\/\/demo.mfwa.org\/wp-content\/uploads\/2024\/08\/Article-Sam-Viet_-Nov-23-150x84.jpg 150w, https:\/\/demo.mfwa.org\/wp-content\/uploads\/2024\/08\/Article-Sam-Viet_-Nov-23-300x168.jpg 300w, https:\/\/demo.mfwa.org\/wp-content\/uploads\/2024\/08\/Article-Sam-Viet_-Nov-23-696x389.jpg 696w, https:\/\/demo.mfwa.org\/wp-content\/uploads\/2024\/08\/Article-Sam-Viet_-Nov-23-1068x597.jpg 1068w, https:\/\/demo.mfwa.org\/wp-content\/uploads\/2024\/08\/Article-Sam-Viet_-Nov-23.jpg 1270w\" sizes=\"(max-width: 600px) 100vw, 600px\" \/>\n    <\/div>\n<\/a><div style=\"margin-top: 8px; font-size: 13px; color: #666;\"><span style=\"margin-right: 10px;\"><a href=\"https:\/\/demo.mfwa.org\/fr\/category\/digital-rights-fr\/\" style=\"color:#c12d2b; text-decoration:none; margin-right:5px;\">Droits num\u00e9riques<\/a><\/span><span><a href=\"https:\/\/demo.mfwa.org\/fr\/country\/benin-fr\/\" style=\"color:#c12d2b; text-decoration:none; margin-right:5px;\">B\u00e9nin<\/a><a href=\"https:\/\/demo.mfwa.org\/fr\/country\/ghana-fr\/\" style=\"color:#c12d2b; text-decoration:none; margin-right:5px;\">Ghana<\/a><a href=\"https:\/\/demo.mfwa.org\/fr\/country\/nigeria-fr\/\" style=\"color:#c12d2b; text-decoration:none; margin-right:5px;\">Nig\u00e9ria<\/a><a href=\"https:\/\/demo.mfwa.org\/fr\/country\/togo-fr\/\" style=\"color:#c12d2b; text-decoration:none; margin-right:5px;\">Togo<\/a><\/span><\/div><h3 style=\"margin-top:10px;\"><a href=\"https:\/\/demo.mfwa.org\/fr\/la-mfwa-lance-la-phase-ii-de-la-bourse-de-journalisme-sur-les-ipns-60-journalistes-en-beneficieront\/\" style=\"text-decoration:none; color:#333; font-size:20px; line-height: 28px;\">La MFWA lance la phase II de la bourse de journalisme sur les IPNs : 60 journalistes en b\u00e9n\u00e9ficieront<\/a><\/h3><\/div><div class=\"mfwa-post-card\" style=\"border: 0px solid #ddd; padding: 10px; border-radius: 8px; overflow: hidden;\"><a href=\"https:\/\/demo.mfwa.org\/fr\/le-gouvernement-nigerian-numerise-la-delivrance-des-actes-de-naissance-apres-la-publication-dun-article-dun-boursier-de-la-mfwa\/\">\n    <div style=\"height: 220px; overflow: hidden; border-radius:6px;\">\n        <img loading=\"lazy\" decoding=\"async\" width=\"600\" height=\"340\" src=\"https:\/\/demo.mfwa.org\/wp-content\/uploads\/2024\/05\/National-Population-Commission-NPC-600x340.jpg\" class=\"attachment-medium size-medium wp-post-image\" alt=\"\" style=\"width:100%; height:100%; object-fit: cover;\" srcset=\"https:\/\/demo.mfwa.org\/wp-content\/uploads\/2024\/05\/National-Population-Commission-NPC-600x340.jpg 600w, https:\/\/demo.mfwa.org\/wp-content\/uploads\/2024\/05\/National-Population-Commission-NPC-1024x581.jpg 1024w, https:\/\/demo.mfwa.org\/wp-content\/uploads\/2024\/05\/National-Population-Commission-NPC-768x435.jpg 768w, https:\/\/demo.mfwa.org\/wp-content\/uploads\/2024\/05\/National-Population-Commission-NPC-150x85.jpg 150w, https:\/\/demo.mfwa.org\/wp-content\/uploads\/2024\/05\/National-Population-Commission-NPC-300x170.jpg 300w, https:\/\/demo.mfwa.org\/wp-content\/uploads\/2024\/05\/National-Population-Commission-NPC-696x395.jpg 696w, https:\/\/demo.mfwa.org\/wp-content\/uploads\/2024\/05\/National-Population-Commission-NPC.jpg 1067w\" sizes=\"(max-width: 600px) 100vw, 600px\" \/>\n    <\/div>\n<\/a><div style=\"margin-top: 8px; font-size: 13px; color: #666;\"><span style=\"margin-right: 10px;\"><a href=\"https:\/\/demo.mfwa.org\/fr\/category\/digital-rights-fr\/\" style=\"color:#c12d2b; text-decoration:none; margin-right:5px;\">Droits num\u00e9riques<\/a><\/span><span><a href=\"https:\/\/demo.mfwa.org\/fr\/country\/nigeria-fr\/\" style=\"color:#c12d2b; text-decoration:none; margin-right:5px;\">Nig\u00e9ria<\/a><\/span><\/div><h3 style=\"margin-top:10px;\"><a href=\"https:\/\/demo.mfwa.org\/fr\/le-gouvernement-nigerian-numerise-la-delivrance-des-actes-de-naissance-apres-la-publication-dun-article-dun-boursier-de-la-mfwa\/\" style=\"text-decoration:none; color:#333; font-size:20px; line-height: 28px;\">Le gouvernement nig\u00e9rian num\u00e9rise la d\u00e9livrance des actes de naissance apr\u00e8s la publication d&#8217;un article d&#8217;un boursier de la MFWA<\/a><\/h3><\/div><div class=\"mfwa-post-card\" style=\"border: 0px solid #ddd; padding: 10px; border-radius: 8px; overflow: hidden;\"><a href=\"https:\/\/demo.mfwa.org\/fr\/country-highlights\/nigeria-un-journaliste-agresse-par-des-agents-de-limmigration\/\">\n    <div style=\"height: 220px; overflow: hidden; border-radius:6px;\">\n        <img loading=\"lazy\" decoding=\"async\" width=\"480\" height=\"600\" src=\"https:\/\/demo.mfwa.org\/wp-content\/uploads\/2024\/04\/COMPTROLLER-480x600.webp\" class=\"attachment-medium size-medium wp-post-image\" alt=\"\" style=\"width:100%; height:100%; object-fit: cover;\" srcset=\"https:\/\/demo.mfwa.org\/wp-content\/uploads\/2024\/04\/COMPTROLLER-480x600.webp 480w, https:\/\/demo.mfwa.org\/wp-content\/uploads\/2024\/04\/COMPTROLLER-819x1024.webp 819w, https:\/\/demo.mfwa.org\/wp-content\/uploads\/2024\/04\/COMPTROLLER-768x960.webp 768w, https:\/\/demo.mfwa.org\/wp-content\/uploads\/2024\/04\/COMPTROLLER-1229x1536.webp 1229w, https:\/\/demo.mfwa.org\/wp-content\/uploads\/2024\/04\/COMPTROLLER-150x188.webp 150w, https:\/\/demo.mfwa.org\/wp-content\/uploads\/2024\/04\/COMPTROLLER-300x375.webp 300w, https:\/\/demo.mfwa.org\/wp-content\/uploads\/2024\/04\/COMPTROLLER-696x870.webp 696w, https:\/\/demo.mfwa.org\/wp-content\/uploads\/2024\/04\/COMPTROLLER-1068x1335.webp 1068w, https:\/\/demo.mfwa.org\/wp-content\/uploads\/2024\/04\/COMPTROLLER.webp 1600w\" sizes=\"(max-width: 600px) 100vw, 480px\" \/>\n    <\/div>\n<\/a><div style=\"margin-top: 8px; font-size: 13px; color: #666;\"><span style=\"margin-right: 10px;\"><a href=\"https:\/\/demo.mfwa.org\/fr\/category\/free-expression-violations-fr\/\" style=\"color:#c12d2b; text-decoration:none; margin-right:5px;\">Les violations de la libre expression<\/a><\/span><span><a href=\"https:\/\/demo.mfwa.org\/fr\/country\/nigeria-fr\/\" style=\"color:#c12d2b; text-decoration:none; margin-right:5px;\">Nig\u00e9ria<\/a><\/span><\/div><h3 style=\"margin-top:10px;\"><a href=\"https:\/\/demo.mfwa.org\/fr\/country-highlights\/nigeria-un-journaliste-agresse-par-des-agents-de-limmigration\/\" style=\"text-decoration:none; color:#333; font-size:20px; line-height: 28px;\">Nig\u00e9ria : Un journaliste agress\u00e9 par des agents de l\u2019immigration<\/a><\/h3><\/div><div class=\"mfwa-post-card\" style=\"border: 0px solid #ddd; padding: 10px; border-radius: 8px; overflow: hidden;\"><a href=\"https:\/\/demo.mfwa.org\/fr\/country-highlights\/larmee-nigeriane-relache-un-journaliste-apres-14-jours-de-detention\/\">\n    <div style=\"height: 220px; overflow: hidden; border-radius:6px;\">\n        <img loading=\"lazy\" decoding=\"async\" width=\"266\" height=\"200\" src=\"https:\/\/demo.mfwa.org\/wp-content\/uploads\/2024\/04\/ola-2.jpg\" class=\"attachment-medium size-medium wp-post-image\" alt=\"\" style=\"width:100%; height:100%; object-fit: cover;\" srcset=\"https:\/\/demo.mfwa.org\/wp-content\/uploads\/2024\/04\/ola-2.jpg 266w, https:\/\/demo.mfwa.org\/wp-content\/uploads\/2024\/04\/ola-2-150x113.jpg 150w\" sizes=\"(max-width: 266px) 100vw, 266px\" \/>\n    <\/div>\n<\/a><div style=\"margin-top: 8px; font-size: 13px; color: #666;\"><span style=\"margin-right: 10px;\"><a href=\"https:\/\/demo.mfwa.org\/fr\/category\/free-expression-violations-fr\/\" style=\"color:#c12d2b; text-decoration:none; margin-right:5px;\">Les violations de la libre expression<\/a><\/span><span><a href=\"https:\/\/demo.mfwa.org\/fr\/country\/nigeria-fr\/\" style=\"color:#c12d2b; text-decoration:none; margin-right:5px;\">Nig\u00e9ria<\/a><\/span><\/div><h3 style=\"margin-top:10px;\"><a href=\"https:\/\/demo.mfwa.org\/fr\/country-highlights\/larmee-nigeriane-relache-un-journaliste-apres-14-jours-de-detention\/\" style=\"text-decoration:none; color:#333; font-size:20px; line-height: 28px;\">L\u2019arm\u00e9e nig\u00e9riane rel\u00e2che un journaliste apr\u00e8s 14 jours de d\u00e9tention<\/a><\/h3><\/div><div class=\"mfwa-post-card\" style=\"border: 0px solid #ddd; padding: 10px; border-radius: 8px; overflow: hidden;\"><a href=\"https:\/\/demo.mfwa.org\/fr\/country-highlights\/lutte-contre-limpunite-la-cour-dappel-annule-la-condamnation-de-deux-journalistes-apres-un-an\/\">\n    <div style=\"height: 220px; overflow: hidden; border-radius:6px;\">\n        <img loading=\"lazy\" decoding=\"async\" width=\"600\" height=\"436\" src=\"https:\/\/demo.mfwa.org\/wp-content\/uploads\/2024\/03\/LR-600x436.jpg\" class=\"attachment-medium size-medium wp-post-image\" alt=\"\" style=\"width:100%; height:100%; object-fit: cover;\" srcset=\"https:\/\/demo.mfwa.org\/wp-content\/uploads\/2024\/03\/LR-600x436.jpg 600w, https:\/\/demo.mfwa.org\/wp-content\/uploads\/2024\/03\/LR-150x109.jpg 150w, https:\/\/demo.mfwa.org\/wp-content\/uploads\/2024\/03\/LR-300x218.jpg 300w, https:\/\/demo.mfwa.org\/wp-content\/uploads\/2024\/03\/LR.jpg 650w\" sizes=\"(max-width: 600px) 100vw, 600px\" \/>\n    <\/div>\n<\/a><div style=\"margin-top: 8px; font-size: 13px; color: #666;\"><span style=\"margin-right: 10px;\"><a href=\"https:\/\/demo.mfwa.org\/fr\/category\/free-expression-and-the-law-fr\/\" style=\"color:#c12d2b; text-decoration:none; margin-right:5px;\">La libre expression et La Loi<\/a><\/span><span><a href=\"https:\/\/demo.mfwa.org\/fr\/country\/nigeria-fr\/\" style=\"color:#c12d2b; text-decoration:none; margin-right:5px;\">Nig\u00e9ria<\/a><\/span><\/div><h3 style=\"margin-top:10px;\"><a href=\"https:\/\/demo.mfwa.org\/fr\/country-highlights\/lutte-contre-limpunite-la-cour-dappel-annule-la-condamnation-de-deux-journalistes-apres-un-an\/\" style=\"text-decoration:none; color:#333; font-size:20px; line-height: 28px;\">Lutte contre l&#8217;impunit\u00e9 : La Cour d&#8217;appel annule la condamnation de deux journalistes apr\u00e8s un an<\/a><\/h3><\/div><div class=\"mfwa-post-card\" style=\"border: 0px solid #ddd; padding: 10px; border-radius: 8px; overflow: hidden;\"><a href=\"https:\/\/demo.mfwa.org\/fr\/issues-in-focus\/les-observateurs-de-lue-reprochent-a-la-police-les-attaques-en-serie-contre-les-medias-pendant-les-elections-au-nigeria\/\">\n    <div style=\"height: 220px; overflow: hidden; border-radius:6px;\">\n        <img loading=\"lazy\" decoding=\"async\" width=\"600\" height=\"338\" src=\"https:\/\/demo.mfwa.org\/wp-content\/uploads\/2023\/08\/Nigeria-POlice-during-elections-600x338.jpg\" class=\"attachment-medium size-medium wp-post-image\" alt=\"\" style=\"width:100%; height:100%; object-fit: cover;\" srcset=\"https:\/\/demo.mfwa.org\/wp-content\/uploads\/2023\/08\/Nigeria-POlice-during-elections-600x338.jpg 600w, https:\/\/demo.mfwa.org\/wp-content\/uploads\/2023\/08\/Nigeria-POlice-during-elections-1024x576.jpg 1024w, https:\/\/demo.mfwa.org\/wp-content\/uploads\/2023\/08\/Nigeria-POlice-during-elections-768x432.jpg 768w, https:\/\/demo.mfwa.org\/wp-content\/uploads\/2023\/08\/Nigeria-POlice-during-elections-150x84.jpg 150w, https:\/\/demo.mfwa.org\/wp-content\/uploads\/2023\/08\/Nigeria-POlice-during-elections-300x169.jpg 300w, https:\/\/demo.mfwa.org\/wp-content\/uploads\/2023\/08\/Nigeria-POlice-during-elections-696x392.jpg 696w, https:\/\/demo.mfwa.org\/wp-content\/uploads\/2023\/08\/Nigeria-POlice-during-elections-1068x601.jpg 1068w, https:\/\/demo.mfwa.org\/wp-content\/uploads\/2023\/08\/Nigeria-POlice-during-elections.jpg 1280w\" sizes=\"(max-width: 600px) 100vw, 600px\" \/>\n    <\/div>\n<\/a><div style=\"margin-top: 8px; font-size: 13px; color: #666;\"><span style=\"margin-right: 10px;\"><a href=\"https:\/\/demo.mfwa.org\/fr\/category\/securite-des-journalistes\/\" style=\"color:#c12d2b; text-decoration:none; margin-right:5px;\">S\u00e9curit\u00e9 des Journalistes<\/a><\/span><span><a href=\"https:\/\/demo.mfwa.org\/fr\/country\/nigeria-fr\/\" style=\"color:#c12d2b; text-decoration:none; margin-right:5px;\">Nig\u00e9ria<\/a><\/span><\/div><h3 style=\"margin-top:10px;\"><a href=\"https:\/\/demo.mfwa.org\/fr\/issues-in-focus\/les-observateurs-de-lue-reprochent-a-la-police-les-attaques-en-serie-contre-les-medias-pendant-les-elections-au-nigeria\/\" style=\"text-decoration:none; color:#333; font-size:20px; line-height: 28px;\">Les observateurs de l&#8217;UE reprochent \u00e0 la police les attaques en s\u00e9rie contre les m\u00e9dias pendant les \u00e9lections au Nigeria<\/a><\/h3><\/div><\/div><div class=\"mfwa-pagination\" style=\"margin-top: 20px; text-align: center;\"><span aria-current=\"page\" class=\"page-numbers current\">1<\/span>\n<a class=\"page-numbers\" href=\"https:\/\/demo.mfwa.org\/fr\/wp-json\/wp\/v2\/pages\/46004\/?paged=2\">2<\/a>\n<span class=\"page-numbers dots\">&hellip;<\/span>\n<a class=\"page-numbers\" href=\"https:\/\/demo.mfwa.org\/fr\/wp-json\/wp\/v2\/pages\/46004\/?paged=21\">21<\/a>\n<a class=\"next page-numbers\" href=\"https:\/\/demo.mfwa.org\/fr\/wp-json\/wp\/v2\/pages\/46004\/?paged=2\">&raquo;<\/a><\/div>\t\t\t\t<\/div>\n\t\t\t\t<\/div>\n\t\t\t\t\t<\/div>\n\t\t<\/div>\n\t\t\t\t\t<\/div>\n\t\t<\/section>\n\t\t\t\t<\/div>\n\t\t","protected":false},"excerpt":{"rendered":"<p>Freedom Of AssemblyFreedom of ExpressionNigeria Nigeria: Nasarawa State University must respect students\u2019 right to free expression Access To<\/p>\n","protected":false},"author":65,"featured_media":0,"parent":0,"menu_order":0,"comment_status":"closed","ping_status":"closed","template":"","meta":{"footnotes":""},"staff-position":[],"class_list":["post-46004","page","type-page","status-publish","hentry"],"_links":{"self":[{"href":"https:\/\/demo.mfwa.org\/fr\/wp-json\/wp\/v2\/pages\/46004","targetHints":{"allow":["GET"]}}],"collection":[{"href":"https:\/\/demo.mfwa.org\/fr\/wp-json\/wp\/v2\/pages"}],"about":[{"href":"https:\/\/demo.mfwa.org\/fr\/wp-json\/wp\/v2\/types\/page"}],"author":[{"embeddable":true,"href":"https:\/\/demo.mfwa.org\/fr\/wp-json\/wp\/v2\/users\/65"}],"replies":[{"embeddable":true,"href":"https:\/\/demo.mfwa.org\/fr\/wp-json\/wp\/v2\/comments?post=46004"}],"version-history":[{"count":1,"href":"https:\/\/demo.mfwa.org\/fr\/wp-json\/wp\/v2\/pages\/46004\/revisions"}],"predecessor-version":[{"id":46005,"href":"https:\/\/demo.mfwa.org\/fr\/wp-json\/wp\/v2\/pages\/46004\/revisions\/46005"}],"wp:attachment":[{"href":"https:\/\/demo.mfwa.org\/fr\/wp-json\/wp\/v2\/media?parent=46004"}],"wp:term":[{"taxonomy":"staff-position","embeddable":true,"href":"https:\/\/demo.mfwa.org\/fr\/wp-json\/wp\/v2\/staff-position?post=46004"}],"curies":[{"name":"wp","href":"https:\/\/api.w.org\/{rel}","templated":true}]}}